{"id":2134,"date":"2022-09-15T09:16:50","date_gmt":"2022-09-15T07:16:50","guid":{"rendered":"https:\/\/deg-eiskunstlauf-ev.de\/cms\/?page_id=2134"},"modified":"2025-04-14T01:36:44","modified_gmt":"2025-04-13T23:36:44","slug":"termine-und-events","status":"publish","type":"page","link":"https:\/\/deg-eiskunstlauf-ev.de\/cms\/termine-und-events\/","title":{"rendered":"TERMINE und EVENTS"},"content":{"rendered":"<p>[et_pb_section fb_built=&#8220;1&#8243; _builder_version=&#8220;4.18.0&#8243; _module_preset=&#8220;default&#8220; custom_padding=&#8220;|17px||||&#8220; global_colors_info=&#8220;{}&#8220;][et_pb_row _builder_version=&#8220;4.18.0&#8243; _module_preset=&#8220;default&#8220; hover_enabled=&#8220;0&#8243; global_colors_info=&#8220;{}&#8220; sticky_enabled=&#8220;0&#8243;][et_pb_column type=&#8220;4_4&#8243; _builder_version=&#8220;4.18.0&#8243; _module_preset=&#8220;default&#8220; global_colors_info=&#8220;{}&#8220;][et_pb_text _builder_version=&#8220;4.27.2&#8243; _module_preset=&#8220;default&#8220; text_line_height=&#8220;1.5em&#8220; header_2_text_color=&#8220;#0C3351&#8243; header_3_text_color=&#8220;#004C7B&#8220; header_3_font_size=&#8220;24px&#8220; header_4_text_color=&#8220;#004C7B&#8220; background_color=&#8220;#EB0000&#8243; min_height=&#8220;30px&#8220; custom_padding=&#8220;||31px|||&#8220; link_option_url_new_window=&#8220;on&#8220; hover_enabled=&#8220;0&#8243; global_colors_info=&#8220;{}&#8220; sticky_enabled=&#8220;0&#8243;]<\/p>\n<h3 style=\"text-align: center;\"><\/h3>\n<h3 style=\"text-align: center;\">SAISON 2024\/2025<\/h3>\n<p>[\/et_pb_text][et_pb_text _builder_version=&#8220;4.27.2&#8243; _module_preset=&#8220;default&#8220; text_line_height=&#8220;1.5em&#8220; header_2_text_color=&#8220;#0C3351&#8243; header_3_text_color=&#8220;#004C7B&#8220; header_3_font_size=&#8220;24px&#8220; header_4_text_color=&#8220;#004C7B&#8220; link_option_url_new_window=&#8220;on&#8220; hover_enabled=&#8220;0&#8243; global_colors_info=&#8220;{}&#8220; sticky_enabled=&#8220;0&#8243;]<\/p>\n<h3>ISU Adult Figure Skating Competition<span style=\"text-decoration: underline;\"><\/span><\/h3>\n<h4>Oberstdorf , 29.06. \u2013 04.07.2025<span style=\"text-decoration: underline;\"><\/span><\/h4>\n<p><span style=\"font-size: 14px;\">Wir w\u00fcnschen unseren L\u00e4uferInnen viel Erfolg!<\/span><\/p>\n<p><strong><a href=\"https:\/\/www.lev-nrw.org\/index.php?action=102&amp;e=2406\"><\/a><\/strong><\/p>\n<p>[\/et_pb_text][et_pb_text _builder_version=&#8220;4.27.2&#8243; _module_preset=&#8220;default&#8220; text_line_height=&#8220;1.5em&#8220; header_2_text_color=&#8220;#0C3351&#8243; header_3_text_color=&#8220;#004C7B&#8220; header_3_font_size=&#8220;24px&#8220; header_4_text_color=&#8220;#004C7B&#8220; link_option_url_new_window=&#8220;on&#8220; hover_enabled=&#8220;0&#8243; global_colors_info=&#8220;{}&#8220; sticky_enabled=&#8220;0&#8243;]<\/p>\n<h3>Kristalcup<span style=\"text-decoration: underline;\"><\/span><\/h3>\n<h4>Ghent (Belgien) , 27.04.2025<span style=\"text-decoration: underline;\"><\/span><\/h4>\n<p><span style=\"font-size: 14px;\">Wir w\u00fcnschen unseren L\u00e4uferInnen viel Erfolg!<\/span><\/p>\n<p><strong><a href=\"https:\/\/www.lev-nrw.org\/index.php?action=102&amp;e=2406\"><\/a><\/strong><\/p>\n<p>[\/et_pb_text][et_pb_text _builder_version=&#8220;4.27.2&#8243; _module_preset=&#8220;default&#8220; text_line_height=&#8220;1.5em&#8220; header_2_text_color=&#8220;#0C3351&#8243; header_3_text_color=&#8220;#004C7B&#8220; header_3_font_size=&#8220;24px&#8220; header_4_text_color=&#8220;#004C7B&#8220; link_option_url_new_window=&#8220;on&#8220; hover_enabled=&#8220;0&#8243; global_colors_info=&#8220;{}&#8220; sticky_enabled=&#8220;0&#8243;]<\/p>\n<h3>Marietta Marik Pokal<span style=\"text-decoration: underline;\"><\/span><\/h3>\n<h4>Bielefeld, 30.03.2025<span style=\"text-decoration: underline;\"><\/span><\/h4>\n<p><span style=\"font-size: 14px;\">Wir gratulieren unseren L\u00e4uferInnen zu ihren Platzierungen:<\/span><\/p>\n<p>\u00a0 Lily Laudahn &#8211; Freil\u00e4ufer A &#8211; 10.Platz<\/p>\n<p><strong><a href=\"https:\/\/www.lev-nrw.org\/index.php?action=102&amp;e=2406\"> Ausschreibung\/ Meldeliste<\/a><\/strong><\/p>\n<p>[\/et_pb_text][et_pb_text _builder_version=&#8220;4.27.2&#8243; _module_preset=&#8220;default&#8220; text_line_height=&#8220;1.5em&#8220; header_2_text_color=&#8220;#0C3351&#8243; header_3_text_color=&#8220;#004C7B&#8220; header_3_font_size=&#8220;24px&#8220; header_4_text_color=&#8220;#004C7B&#8220; link_option_url_new_window=&#8220;on&#8220; hover_enabled=&#8220;0&#8243; global_colors_info=&#8220;{}&#8220; sticky_enabled=&#8220;0&#8243;]<\/p>\n<h3>Young Adult &amp; Adult Cup<br \/><span style=\"text-decoration: underline;\"><\/span><\/h3>\n<h4>Dortmund, 22.03.2025<span style=\"text-decoration: underline;\"><\/span><\/h4>\n<p><span style=\"font-size: 14px;\">Wir gratulieren unseren L\u00e4uferInnen zu ihren Platzierungen:<\/span><\/p>\n<p>\u00a0 Alexane Niesler &#8211; Young Adult Silber &#8211; 1.Platz<\/p>\n<p>\u00a0 Alexandra Grot &#8211; Adult Pre-Bronze &#8211; 1.Platz<br \/>\u00a0 Maren Pullwitt &#8211; Adult Pre-Bronze &#8211; 8.Platz<\/p>\n<p>\u00a0 Heiko Kumkar &#8211; Adult Bronze Herren &#8211; 1.Platz<\/p>\n<p><strong><a href=\"https:\/\/www.lev-nrw.org\/index.php?action=102&#038;e=2410\"> Ausschreibung\/ Meldeliste<\/a><\/strong><\/p>\n<p>[\/et_pb_text][et_pb_text _builder_version=&#8220;4.27.2&#8243; _module_preset=&#8220;default&#8220; text_line_height=&#8220;1.5em&#8220; header_2_text_color=&#8220;#0C3351&#8243; header_3_text_color=&#8220;#004C7B&#8220; header_3_font_size=&#8220;24px&#8220; header_4_text_color=&#8220;#004C7B&#8220; link_option_url_new_window=&#8220;on&#8220; hover_enabled=&#8220;0&#8243; global_colors_info=&#8220;{}&#8220; sticky_enabled=&#8220;0&#8243;]<\/p>\n<h3>Dom Pokal<br \/><span style=\"text-decoration: underline;\"><\/span><\/h3>\n<h4>K\u00f6ln, 15. &amp; 16.03.2025<span style=\"text-decoration: underline;\"><\/span><\/h4>\n<p><span style=\"font-size: 14px;\">Wir gratulieren unseren L\u00e4uferInnen zu ihren Platzierungen:<\/span><\/p>\n<p>\u00a0 Lily Laudahn &#8211; Freil\u00e4ufer A &#8211; 9.Platz<br \/>\u00a0 Nicole Meleschko &#8211; Freil\u00e4ufer A &#8211; 21.Platz<br \/>\u00a0 Zhasmin Smalko &#8211; Freil\u00e4ufer A &#8211; 22.Platz<\/p>\n<p>\u00a0 Ria Mews &#8211; Freil\u00e4ufer B &#8211; 9.Platz<\/p>\n<p>\u00a0 Isabell Bergner &#8211; Freil\u00e4ufer C &#8211; 23.Platz<\/p>\n<p>\u00a0 Per Marten Volz &#8211; Freil\u00e4ufer Jungen &#8211; 2.Platz<\/p>\n<p>\u00a0 Aki Ito &#8211; Figurenl\u00e4ufer A &#8211; 4.Platz<br \/>\u00a0 Sarah Harder &#8211; Figurenl\u00e4ufer A &#8211; 6.Platz<br \/>\u00a0 Nina Kreft &#8211; Figurenl\u00e4ufer A &#8211; 8.Platz<br \/>\u00a0 Elsa-Luisa Briantseva &#8211; Figurenl\u00e4ufer A &#8211; 12.Platz<\/p>\n<p>\u00a0 Amalia Volz &#8211; Figurenl\u00e4ufer B &#8211; 13.Platz<\/p>\n<p>\u00a0 Friederike Volz &#8211; Figurenl\u00e4ufer C &#8211; 8.Platz<\/p>\n<p>\u00a0 Filip Landwehrmann &#8211; Figurenl\u00e4ufer Jungen &#8211; 2.Platz<\/p>\n<p>\u00a0 Anne Walther &#8211; Kunstl\u00e4ufer A &#8211; 14.Platz<br \/>\u00a0 Valentina Giring &#8211; Kunstl\u00e4ufer A &#8211; 15.Platz<br \/>\u00a0 Arina Sapasnik &#8211; Kunstl\u00e4ufer A &#8211; 17.Platz\u00a0<\/p>\n<p>\u00a0 Laura Harder &#8211; Anw\u00e4rter A &#8211; 8.Platz<\/p>\n<p>\u00a0 Kateryna Kashyna &#8211; Anw\u00e4rter B &#8211; 4.Platz<\/p>\n<p>\u00a0 Alina Riabko &#8211; Neulinge &#8211; 3.Platz<br \/>\u00a0 Annika Kuschnir &#8211; Neulinge &#8211; 7.Platz<br \/>\u00a0 Charlotte Janaszek &#8211; Neulinge &#8211; 9.Platz<br \/>\u00a0 Lisa Wesner &#8211; Neulinge &#8211; 14.Platz<\/p>\n<p>\u00a0 Charlotte Gey &#8211; Nachwuchs B &#8211; 4.Platz<br \/>\u00a0 Noemi Ludwig &#8211; Nachwuchs B &#8211; 8.Platz<\/p>\n<p>\u00a0 Alexane Niesler &#8211; Young Adult Silber &#8211; 1.Platz<\/p>\n<p><strong><a href=\"https:\/\/www.lev-nrw.org\/index.php?action=102&#038;e=2403\"> Ausschreibung\/ Meldeliste<\/a><\/strong><\/p>\n<p>[\/et_pb_text][et_pb_text _builder_version=&#8220;4.27.2&#8243; _module_preset=&#8220;default&#8220; text_line_height=&#8220;1.5em&#8220; header_2_text_color=&#8220;#0C3351&#8243; header_3_text_color=&#8220;#004C7B&#8220; header_3_font_size=&#8220;24px&#8220; header_4_text_color=&#8220;#004C7B&#8220; link_option_url_new_window=&#8220;on&#8220; hover_enabled=&#8220;0&#8243; global_colors_info=&#8220;{}&#8220; sticky_enabled=&#8220;0&#8243;]<\/p>\n<h3>Grafschafter Cup<br \/><span style=\"text-decoration: underline;\"><\/span><\/h3>\n<h4>Moers, 08.03.2025<span style=\"text-decoration: underline;\"><\/span><\/h4>\n<p><span style=\"font-size: 14px;\">Wir gratulieren unseren L\u00e4uferInnen zu ihren Platzierungen:<\/span><\/p>\n<p>\u00a0 Emma Mews &#8211; Eisl\u00e4ufer A &#8211; 7.Platz<br \/>\u00a0 Milena Sager &#8211; Eisl\u00e4ufer A &#8211; 11.Platz<\/p>\n<p>\u00a0 Helene Braun &#8211; Eisl\u00e4ufer B &#8211; 4.Platz<br \/>\u00a0 Elizabeth Oussov &#8211; Eisl\u00e4ufer B &#8211; 7.Platz<\/p>\n<p>\u00a0 Anni Hochwald &#8211; Eisl\u00e4ufer D &#8211; 7.Platz<br \/>\u00a0 Anastasiia Sokolova &#8211; Eisl\u00e4ufer D &#8211; 11.Platz<\/p>\n<p><strong><a href=\"https:\/\/www.lev-nrw.org\/index.php?action=102&#038;e=2413\">Meldeliste<\/a><\/strong><\/p>\n<p>[\/et_pb_text][et_pb_text _builder_version=&#8220;4.27.2&#8243; _module_preset=&#8220;default&#8220; text_line_height=&#8220;1.5em&#8220; header_2_text_color=&#8220;#0C3351&#8243; header_3_text_color=&#8220;#004C7B&#8220; header_3_font_size=&#8220;24px&#8220; header_4_text_color=&#8220;#004C7B&#8220; link_option_url_new_window=&#8220;on&#8220; global_colors_info=&#8220;{}&#8220;]<\/p>\n<h3>Deutschlandpokal<br \/><span style=\"text-decoration: underline;\"><\/span><\/h3>\n<h4>Dortmund, 06.-09.03.2025<span style=\"text-decoration: underline;\"><\/span><\/h4>\n<p><span style=\"font-size: 14px;\">Wir gratulieren unseren L\u00e4uferInnen zu ihren Platzierungen:<\/span><\/p>\n<p>\u00a0 Ruslan Danilin &#8211; Advanced Novice Jungen &#8211; 7.Platz<\/p>\n<p><span style=\"font-size: 14px;\">\u00a0 Daryna Zimina &amp; Jan Egorov (EJE) &#8211; Advanced Novice Eistanz &#8211; 3.Platz<\/span><\/p>\n<p><strong><a href=\"https:\/\/www.eislauf-union.de\/de\/events\/deutschlandpokal\">Ausschreibung\/ Meldeliste<\/a><\/strong><\/p>\n<p>[\/et_pb_text][et_pb_text _builder_version=&#8220;4.27.2&#8243; _module_preset=&#8220;default&#8220; text_line_height=&#8220;1.5em&#8220; header_2_text_color=&#8220;#0C3351&#8243; header_3_text_color=&#8220;#004C7B&#8220; header_3_font_size=&#8220;24px&#8220; header_4_text_color=&#8220;#004C7B&#8220; link_option_url_new_window=&#8220;on&#8220; global_colors_info=&#8220;{}&#8220;]<\/p>\n<h3>Klassenlaufen<span style=\"text-decoration: underline;\"><\/span><\/h3>\n<h4>D\u00fcsseldorf, 22.02.2025<span style=\"text-decoration: underline;\"><\/span><\/h4>\n<p>Wir gratulieren Elsa-Luisa, Nina, Filip, Amalia, Yeva, Sarah, Aki, Solomiia, Anne, Anastassia, Charlotte, Tim, Arina und Daryna zu ihren bestandenen Klassenlaufpr\u00fcfungen!<\/p>\n<p>[\/et_pb_text][et_pb_text _builder_version=&#8220;4.27.2&#8243; _module_preset=&#8220;default&#8220; text_line_height=&#8220;1.5em&#8220; header_2_text_color=&#8220;#0C3351&#8243; header_3_text_color=&#8220;#004C7B&#8220; header_3_font_size=&#8220;24px&#8220; header_4_text_color=&#8220;#004C7B&#8220; link_option_url_new_window=&#8220;on&#8220; hover_enabled=&#8220;0&#8243; global_colors_info=&#8220;{}&#8220; sticky_enabled=&#8220;0&#8243;]<\/p>\n<h3>Skate Berlin Adult<br \/><span style=\"text-decoration: underline;\"><\/span><\/h3>\n<h4>Berlin, 14.-16.02.2025<span style=\"text-decoration: underline;\"><\/span><\/h4>\n<p><span style=\"font-size: 14px;\">Wir gratulieren unseren L\u00e4uferInnen zu ihren Platzierungen:<\/span><\/p>\n<p>\u00a0 Heiko Kumkar<span style=\"font-size: 14px;\"> &#8211; <span>Men Bronze III Artistic Free Skating<\/span> &#8211; 1.Platz<\/span><\/p>\n<p>\u00a0 Heiko Kumkar<span style=\"font-size: 14px;\"> &#8211; <span>Men Bronze II\/III<\/span> <span>Free Skating <\/span>&#8211; 2.Platz<\/span><\/p>\n<p><strong><a href=\"https:\/\/skate-berlin-adults.com\"> Ausschreibung\/ Meldeliste<\/a><\/strong><\/p>\n<p>[\/et_pb_text][et_pb_text _builder_version=&#8220;4.27.2&#8243; _module_preset=&#8220;default&#8220; text_line_height=&#8220;1.5em&#8220; header_2_text_color=&#8220;#0C3351&#8243; header_3_text_color=&#8220;#004C7B&#8220; header_3_font_size=&#8220;24px&#8220; header_4_text_color=&#8220;#004C7B&#8220; link_option_url_new_window=&#8220;on&#8220; global_colors_info=&#8220;{}&#8220;]<\/p>\n<h3>Landesmeisterschaften<br \/><span style=\"text-decoration: underline;\"><\/span><\/h3>\n<h4>Dortmund, 14.-16.02.2025<span style=\"text-decoration: underline;\"><\/span><\/h4>\n<p><span style=\"font-size: 14px;\">Wir gratulieren unseren L\u00e4uferInnen zu ihren Platzierungen:<\/span><\/p>\n<p>\u00a0 Laura Harder &#8211; Anw\u00e4rter A &#8211; 4.Platz<\/p>\n<p>\u00a0 Kateryna Kashyna &#8211; Anw\u00e4rter B &#8211; 8.Platz<\/p>\n<p>\u00a0 Charlotte Janaszek &#8211; Neulinge &#8211; 4.Platz<br \/>\u00a0 Alina Riabko &#8211; Neulinge &#8211; 15.Platz<br \/>\u00a0 Annika Kuschnir &#8211; Neulinge &#8211; 18.Platz<\/p>\n<p>\u00a0 Arina Kochkina &#8211; Nachwuchs B &#8211; 2.Platz<br \/>\u00a0 Charlotte Gey &#8211; Nachwuchs B &#8211; 15.Platz<br \/>\u00a0 Noemi Ludwig &#8211; Nachwuchs B &#8211; 17.Platz<\/p>\n<p>\u00a0 Anastassia Filippov &#8211; U10 &#8211; 1.Platz<\/p>\n<p>\u00a0 Tim Landwehrmann &#8211; Pre Advanced Novice Jungen &#8211; 1.Platz<\/p>\n<p>\u00a0 Daryna Zimina &#8211; Advanced Novice &#8211; 13.Platz<br \/>\u00a0 Charlize Kyrychenko &#8211; Advanced Novice &#8211; 15.Platz<\/p>\n<p>\u00a0 Ruslan Danilin &#8211; Advanced Novice Jungen &#8211; 1.Platz<\/p>\n<p>\u00a0 Maja Gaus &#8211; Jugend Damen &#8211; 1.Platz<br \/>\u00a0 Lara B\u00fcddecker &#8211; Jugend Damen &#8211; 9.Platz<\/p>\n<p><span style=\"font-size: 14px;\">\u00a0 Daryna Zimina &amp; Jan Egorov (EJE) &#8211; Advanced Novice Eistanz &#8211; 1.Platz<\/span><\/p>\n<p><span style=\"font-size: 14px;\">\u00a0 Rising Roses &#8211; SYS Mixed Age &#8211; 1.Platz<\/span><\/p>\n<p><strong><a href=\"https:\/\/www.lev-nrw.org\/index.php?action=102&amp;e=2409\"> Ausschreibung\/ Meldeliste<\/a><\/strong><\/p>\n<p>[\/et_pb_text][et_pb_text _builder_version=&#8220;4.27.2&#8243; _module_preset=&#8220;default&#8220; text_line_height=&#8220;1.5em&#8220; header_2_text_color=&#8220;#0C3351&#8243; header_3_text_color=&#8220;#004C7B&#8220; header_3_font_size=&#8220;24px&#8220; header_4_text_color=&#8220;#004C7B&#8220; link_option_url_new_window=&#8220;on&#8220; global_colors_info=&#8220;{}&#8220;]<\/p>\n<h3>Ina Bauer Pokal<br \/><span style=\"text-decoration: underline;\"><\/span><\/h3>\n<h4>Krefeld, 01. &amp; 02.02.2025<span style=\"text-decoration: underline;\"><\/span><\/h4>\n<p><span style=\"font-size: 14px;\">Wir gratulieren unseren L\u00e4uferInnen zu ihren Platzierungen:<\/span><\/p>\n<p>\u00a0 Lily Laudahn &#8211; Freil\u00e4ufer A &#8211; 11.Platz<br \/>\u00a0 Nicole Meleschko &#8211; Freil\u00e4ufer A &#8211; 12.Platz<\/p>\n<p>\u00a0 Elsa-Luisa Briantseva &#8211; Freil\u00e4ufer B &#8211; 1.Platz<\/p>\n<p>\u00a0 Aki Ito &#8211; Figurenl\u00e4ufer A &#8211; 1.Platz<br \/>\u00a0 Veronique Gruber &#8211; Figurenl\u00e4ufer A &#8211; 10.Platz<br \/>\u00a0 Nina Kreft &#8211; Figurenl\u00e4ufer A &#8211; 11.Platz<br \/>\u00a0 Sarah Harder &#8211; Figurenl\u00e4ufer A &#8211; 13.Platz<\/p>\n<p>\u00a0 Amalia Volz &#8211; Figurenl\u00e4ufer B &#8211; 14.Platz<\/p>\n<p>\u00a0 Friederike Volz &#8211; Figurenl\u00e4ufer C &#8211; 7.Platz<\/p>\n<p>\u00a0 Solomiia Serdiuk &#8211; Kunstl\u00e4ufer A &#8211; 13.Platz<br \/>\u00a0 Yeva Dehtiarova &#8211; Kunstl\u00e4ufer A &#8211; 14.Platz<\/p>\n<p>\u00a0 Carla Raschke &#8211; Kunstl\u00e4ufer B &#8211; 17.Platz<\/p>\n<p>\u00a0 Laura Harder &#8211; Anw\u00e4rter A &#8211; 20.Platz<\/p>\n<p>\u00a0 Alina Riabko &#8211; Neulinge A &#8211; 6.Platz<\/p>\n<p>\u00a0 Lisa Wesner &#8211; Neulinge B &#8211; 7.Platz<br \/>\u00a0 Charlotte Janaszek &#8211; Neulinge B &#8211; 12.Platz<\/p>\n<p>\u00a0 Arina Kochkina &#8211; Nachwuchs B &#8211; 6.Platz<br \/>\u00a0 Charlotte Gey &#8211; Nachwuchs B &#8211; 12.Platz<\/p>\n<p>\u00a0 Alexane Niesler &#8211; Young Adult Silber &#8211; 1.Platz<\/p>\n<p>\u00a0 Anastassia Filippov &#8211; U10 &#8211; 2.Platz<\/p>\n<p>\u00a0 Tim Landwehrmann &#8211; Pre Advanced Novice Jungen &#8211; 1.Platz<\/p>\n<p>\u00a0 Ruslan Danilin &#8211; Advanced Novice Jungen &#8211; 1.Platz<\/p>\n<p><strong><a href=\"https:\/\/www.lev-nrw.org\/index.php?action=102&amp;e=2409\"> Ausschreibung\/ Meldeliste<\/a><\/strong><\/p>\n<p>[\/et_pb_text][et_pb_text _builder_version=&#8220;4.27.2&#8243; _module_preset=&#8220;default&#8220; text_line_height=&#8220;1.5em&#8220; header_2_text_color=&#8220;#0C3351&#8243; header_3_text_color=&#8220;#004C7B&#8220; header_3_font_size=&#8220;24px&#8220; header_4_text_color=&#8220;#004C7B&#8220; link_option_url_new_window=&#8220;on&#8220; global_colors_info=&#8220;{}&#8220;]<\/p>\n<h3>Wiehl Pokal<br \/><span style=\"text-decoration: underline;\"><\/span><\/h3>\n<h4>Wiehl, 24. &amp; 25.01.2025<span style=\"text-decoration: underline;\"><\/span><\/h4>\n<p><span style=\"font-size: 14px;\">Wir gratulieren unseren L\u00e4uferInnen zu ihren Platzierungen:<\/span><\/p>\n<p>\u00a0 Vera Begrenzon &#8211; Eisl\u00e4ufer A &#8211; 11.Platz<br \/>\u00a0 Mia Kozhevnikov &#8211; Eisl\u00e4ufer A &#8211; 13.Platz<br \/>\u00a0 Emilia Holban &#8211; Eisl\u00e4ufer A &#8211; 14.Platz<\/p>\n<p>\u00a0 Per Marten Volz &#8211; Eisl\u00e4ufer Jungen &#8211; 4.Platz<\/p>\n<p>\u00a0 Lily Laudahn &#8211; Freil\u00e4ufer A &#8211; 16.Platz<br \/>\u00a0 Aki Ito &#8211; Figurenl\u00e4ufer A &#8211; 5.Platz<br \/>\u00a0 Amalia Volz &#8211; Figurenl\u00e4ufer A &#8211; 8.Platz<\/p>\n<p>\u00a0 Friederike Volz &#8211; Figurenl\u00e4ufer B &#8211; 11.Platz<\/p>\n<p>\u00a0 Filip Landwehrmann &#8211; Figurenl\u00e4ufer Jungen &#8211; 3.Platz<\/p>\n<p>\u00a0 Yeva Dehtiarova &#8211; Kunstl\u00e4ufer A &#8211; 12.Platz<br \/>\u00a0 Solomiia Serdiuk &#8211; Kunstl\u00e4ufer A &#8211; 18.Platz<br \/>\u00a0 Valentina Giring &#8211; Kunstl\u00e4ufer A &#8211; 23.Platz<strong><\/strong><\/p>\n<p>\u00a0 Anne Walther &#8211; Kunstl\u00e4ufer B &#8211; 13.Platz<br \/>\u00a0 Isabelle Gruber &#8211; Kunstl\u00e4ufer B &#8211; 14.Platz<\/p>\n<p>\u00a0 Laura Harder &#8211; Anw\u00e4rter A &#8211; 9.Platz<strong><\/strong><\/p>\n<p>\u00a0 Alina Riabko &#8211; Neulinge A &#8211; 12.Platz<br \/>\u00a0 Lisa Wesner &#8211; Neulinge A &#8211; 13.Platz<\/p>\n<p>\u00a0 Annika Kuschnir &#8211; Neulinge B &#8211; 9.Platz<strong><\/strong><\/p>\n<p>\u00a0 Arina Kochkina &#8211; Nachwuchs B &#8211; A &#8211; 6.Platz<\/p>\n<p>\u00a0 Charlotte Gey &#8211; Nachwuchs B &#8211; B &#8211; 6.Platz<br \/>\u00a0 Noemi Ludwig &#8211; Nachwuchs B &#8211; B &#8211; 10.Platz<\/p>\n<p>\u00a0 Alexane Niesler &#8211; Young Adult Silber &#8211; 1.Platz<\/p>\n<p>\u00a0 Anastassia Filippov &#8211; U10 &#8211; 2.Platz<\/p>\n<p>\u00a0 Tim Landwehrmann &#8211; Pre Advanced Novice Jungen &#8211; 1.Platz<\/p>\n<p>\u00a0 Ruslan Danilin &#8211; Advanced Novice Jungen &#8211; 1.Platz<\/p>\n<p>\u00a0 Maja Gaus &#8211; Jugend Damen &#8211; 2.Platz<\/p>\n<p><strong><\/strong><\/p>\n<p><strong><a href=\"https:\/\/www.lev-nrw.org\/index.php?action=102&amp;e=2397\">Ausschreibung\/ Meldeliste<\/a><\/strong><\/p>\n<p><strong><\/strong><\/p>\n<p><strong><\/strong><\/p>\n<p>[\/et_pb_text][et_pb_text _builder_version=&#8220;4.27.2&#8243; _module_preset=&#8220;default&#8220; text_line_height=&#8220;1.5em&#8220; header_2_text_color=&#8220;#0C3351&#8243; header_3_text_color=&#8220;#004C7B&#8220; header_3_font_size=&#8220;24px&#8220; header_4_text_color=&#8220;#004C7B&#8220; link_option_url_new_window=&#8220;on&#8220; global_colors_info=&#8220;{}&#8220;]<\/p>\n<h3>Bavarian Open<span style=\"text-decoration: underline;\"><\/span><\/h3>\n<h4>Oberstdorf, 20. &#8211; 26.01.2025<span style=\"text-decoration: underline;\"><\/span><\/h4>\n<p><span style=\"font-size: 14px;\">Wir gratulieren unserer L\u00e4uferin zu ihrer Platzierung:<\/span><\/p>\n<p><span style=\"font-size: 14px;\">\u00a0 Daryna Zimina &amp; Jan Egorov (EJE) &#8211; Advanced Novice Eistanz &#8211; 9.Platz<\/span><\/p>\n<p><strong><a href=\"https:\/\/www.eislauf-union.de\/de\/events\/bavarian-open\"> weitere Info&#8217;s<\/a><\/strong><\/p>\n<p>[\/et_pb_text][et_pb_text _builder_version=&#8220;4.27.2&#8243; _module_preset=&#8220;default&#8220; text_line_height=&#8220;1.5em&#8220; header_2_text_color=&#8220;#0C3351&#8243; header_3_text_color=&#8220;#004C7B&#8220; header_3_font_size=&#8220;24px&#8220; header_4_text_color=&#8220;#004C7B&#8220; link_option_url_new_window=&#8220;on&#8220; global_colors_info=&#8220;{}&#8220;]<\/p>\n<h3>Waldstadtpokal<span style=\"text-decoration: underline;\"><\/span><\/h3>\n<h4>Iserlohn, 11. &amp; 12.01.2025<span style=\"text-decoration: underline;\"><\/span><\/h4>\n<p><span style=\"font-size: 14px;\">Wir gratulieren unseren L\u00e4uferInnen zu ihren Platzierungen:<\/span><\/p>\n<p><span style=\"font-size: 14px;\">\u00a0 Elizabeth Oussov &#8211; Eisl\u00e4ufer B &#8211; 6.Platz<\/span><\/p>\n<p>\u00a0 Zhasmin Smalko &#8211; Freil\u00e4ufer A &#8211; 1.Platz<br \/><span style=\"font-size: 14px;\"><\/span>\u00a0 Nicole Meleschko &#8211; Freil\u00e4ufer A &#8211; 10.Platz<\/p>\n<p>\u00a0 Elsa-Luisa Briantseva &#8211; Freil\u00e4ufer B &#8211; 2.Platz<\/p>\n<p>\u00a0 Nina Kreft &#8211; Freil\u00e4ufer C &#8211; 3.Platz<\/p>\n<p>\u00a0 Alexane Niesler &#8211; Young Adult Silber &#8211; 1.Platz<\/p>\n<p><strong><a href=\"https:\/\/waldstadtpokal.de\"> weitere Info&#8217;s<\/a><\/strong><\/p>\n<p>[\/et_pb_text][et_pb_text _builder_version=&#8220;4.22.1&#8243; _module_preset=&#8220;default&#8220; text_line_height=&#8220;1.5em&#8220; header_2_text_color=&#8220;#0C3351&#8243; header_3_text_color=&#8220;#004C7B&#8220; header_3_font_size=&#8220;24px&#8220; header_4_text_color=&#8220;#004C7B&#8220; background_color=&#8220;#EB0000&#8243; link_option_url_new_window=&#8220;on&#8220; global_colors_info=&#8220;{}&#8220;]<\/p>\n<h3><\/h3>\n<p>[\/et_pb_text][et_pb_text _builder_version=&#8220;4.27.2&#8243; _module_preset=&#8220;default&#8220; text_line_height=&#8220;1.5em&#8220; header_2_text_color=&#8220;#0C3351&#8243; header_3_text_color=&#8220;#004C7B&#8220; header_3_font_size=&#8220;24px&#8220; header_4_text_color=&#8220;#004C7B&#8220; link_option_url_new_window=&#8220;on&#8220; global_colors_info=&#8220;{}&#8220;]<\/p>\n<h3>Deutsche Meisterschaften<span style=\"text-decoration: underline;\"><\/span><\/h3>\n<h4>Oberstdorf, 16. &#8211; 21.12.2024<span style=\"text-decoration: underline;\"><\/span><\/h4>\n<p><span style=\"font-size: 14px;\">Wir gratulieren unseren L\u00e4uferInnen zu ihren Platzierungen:<\/span><\/p>\n<p><span style=\"font-size: 14px;\">\u00a0 Ruslan Danilin &#8211; Advanced Novice Jungen &#8211; 6.Platz<\/span><\/p>\n<p><span style=\"font-size: 14px;\">\u00a0 Daryna Zimina &amp; Jan Egorov (EJE) &#8211; Advanced Novice Eistanz &#8211; 4.Platz<\/span><span style=\"font-size: 14px;\"><\/span><\/p>\n<p><span style=\"font-size: 14px;\">\u00a0 Maja Gaus &#8211; Jugend Damen B &#8211; 4. Platz<\/span><\/p>\n<p><span style=\"font-size: 14px;\">\u00a0 Enik\u00f6 Kobor &amp; Zoard Kobor &#8211; Junioren Eistanz &#8211; 4.Platz<\/span><\/p>\n<p><strong><a href=\"https:\/\/www.eislauf-union.de\/de\/events\/deutsche-meisterschaften\"> Ausschreibung\/ weitere Info&#8217;s<\/a><\/strong><\/p>\n<p>[\/et_pb_text][et_pb_text _builder_version=&#8220;4.27.2&#8243; _module_preset=&#8220;default&#8220; text_line_height=&#8220;1.5em&#8220; header_2_text_color=&#8220;#0C3351&#8243; header_3_text_color=&#8220;#004C7B&#8220; header_3_font_size=&#8220;24px&#8220; header_4_text_color=&#8220;#004C7B&#8220; link_option_url_new_window=&#8220;on&#8220; global_colors_info=&#8220;{}&#8220;]<\/p>\n<h3>Klassenlaufen<span style=\"text-decoration: underline;\"><\/span><\/h3>\n<h4>Dortmund, 09.12.2024<span style=\"text-decoration: underline;\"><\/span><\/h4>\n<p><span style=\"font-size: 14px;\">Wir gratulieren Charlotte zu ihrer bestandenen Klassenlaufpr\u00fcfung!<\/span><\/p>\n<p>[\/et_pb_text][et_pb_text _builder_version=&#8220;4.27.2&#8243; _module_preset=&#8220;default&#8220; text_line_height=&#8220;1.5em&#8220; header_2_text_color=&#8220;#0C3351&#8243; header_3_text_color=&#8220;#004C7B&#8220; header_3_font_size=&#8220;24px&#8220; header_4_text_color=&#8220;#004C7B&#8220; link_option_url_new_window=&#8220;on&#8220; global_colors_info=&#8220;{}&#8220;]<\/p>\n<h3>Nikolauspokal<span style=\"text-decoration: underline;\"><\/span><\/h3>\n<h4>Soest, 07.12.2024<span style=\"text-decoration: underline;\"><\/span><\/h4>\n<p><span style=\"font-size: 14px;\">Wir gratulieren unseren L\u00e4uferInnen zu ihren Platzierungen:<\/span><\/p>\n<p>\u00a0Vera Berenzon &#8211; Eisl\u00e4ufer B &#8211; 9.Platz<\/p>\n<p>\u00a0Per Marten Volz &#8211; Eisl\u00e4ufer C &#8211; 11.Platz<\/p>\n<p>\u00a0Jana Rose &#8211; Freil\u00e4ufer B &#8211; 20.Platz<\/p>\n<p>\u00a0Sarah Harder &#8211; Figurenl\u00e4ufer A &#8211; 2.Platz<br \/>\u00a0Aki Ito &#8211; Figurenl\u00e4ufer A &#8211; 7.Platz<br \/>\u00a0Veronique Gruber &#8211; Figurenl\u00e4ufer A &#8211; 9.Platz<br \/>\u00a0Amalia Volz &#8211; Figurenl\u00e4ufer A &#8211; 14.Platz<\/p>\n<p>\u00a0Friederike Volz &#8211; Figurenl\u00e4ufer B &#8211; 16.Platz<\/p>\n<p>\u00a0Filip Landwehrmann &#8211; Figurenl\u00e4ufer Jungen &#8211; 1.Platz<\/p>\n<p>\u00a0Isabelle Gruber &#8211; Kunstl\u00e4ufer &#8211; 3.Platz<br \/>\u00a0Anne Walther &#8211; Kunstl\u00e4ufer &#8211; 9.Platz<\/p>\n<p>\u00a0Kateryna Kashyna &#8211; Anw\u00e4rter &#8211; 10.Platz<br \/>\u00a0Laura Harder &#8211; Anw\u00e4rter &#8211; 14.Platz<\/p>\n<p>\u00a0Alexane Niesler &#8211; Young Adult Silber &#8211; 1.Platz<span style=\"font-size: 14px;\"><\/span><\/p>\n<p><strong><a href=\"https:\/\/www.lev-nrw.org\/index.php?action=102&amp;e=2393\">Ausschreibung<\/a><\/strong><\/p>\n<p>[\/et_pb_text][et_pb_text _builder_version=&#8220;4.27.2&#8243; _module_preset=&#8220;default&#8220; text_line_height=&#8220;1.5em&#8220; header_2_text_color=&#8220;#0C3351&#8243; header_3_text_color=&#8220;#004C7B&#8220; header_3_font_size=&#8220;24px&#8220; header_4_text_color=&#8220;#004C7B&#8220; link_option_url_new_window=&#8220;on&#8220; global_colors_info=&#8220;{}&#8220;]<\/p>\n<h3>Diezer Lahn Pokal<span style=\"text-decoration: underline;\"><\/span><\/h3>\n<h4>Diez, 22. &amp; 23.11.2024<span style=\"text-decoration: underline;\"><\/span><\/h4>\n<p><span style=\"font-size: 14px;\">Wir gratulieren unseren L\u00e4uferInnen zu ihren Platzierungen:<\/span><\/p>\n<p>\u00a0Heiko Kumkar &#8211; Adult Bronze B &#8211; 4.Platz<span style=\"font-size: 14px;\"><\/span><\/p>\n<p>\u00a0Alexandra Grot &#8211; Adult Bronze B &#8211; 5.Platz<\/p>\n<p><span style=\"font-size: 14px;\"><\/span><\/p>\n<p>[\/et_pb_text][et_pb_text _builder_version=&#8220;4.27.2&#8243; _module_preset=&#8220;default&#8220; text_line_height=&#8220;1.5em&#8220; header_2_text_color=&#8220;#0C3351&#8243; header_3_text_color=&#8220;#004C7B&#8220; header_3_font_size=&#8220;24px&#8220; header_4_text_color=&#8220;#004C7B&#8220; link_option_url_new_window=&#8220;on&#8220; global_colors_info=&#8220;{}&#8220;]<\/p>\n<h3>Klassenlaufen<span style=\"text-decoration: underline;\"><\/span><\/h3>\n<h4>Essen, 18.11.2024<span style=\"text-decoration: underline;\"><\/span><\/h4>\n<p><span style=\"font-size: 14px;\">Wir gratulieren Kateryna und Tim zu ihren bestandenen Klassenlaufpr\u00fcfungen!<\/span><\/p>\n<p>[\/et_pb_text][et_pb_text _builder_version=&#8220;4.27.2&#8243; _module_preset=&#8220;default&#8220; text_line_height=&#8220;1.5em&#8220; header_2_text_color=&#8220;#0C3351&#8243; header_3_text_color=&#8220;#004C7B&#8220; header_3_font_size=&#8220;24px&#8220; header_4_text_color=&#8220;#004C7B&#8220; link_option_url_new_window=&#8220;on&#8220; global_colors_info=&#8220;{}&#8220;]<\/p>\n<h3>Offene Th\u00fcringer Meisterschaften<span style=\"text-decoration: underline;\"><\/span><\/h3>\n<h4>Erfurt, 15. &amp; 17.11.2024<span style=\"text-decoration: underline;\"><\/span><\/h4>\n<p><span style=\"font-size: 14px;\"><\/span><\/p>\n<p><span style=\"font-size: 14px;\">Wir gratulieren unseren L\u00e4uferInnen zu ihren Platzierungen:<\/span><\/p>\n<p><span style=\"font-size: 14px;\">\u00a0Maja Gaus &#8211; Jugend Damen &#8211; 1.Platz<\/span><\/p>\n<p><strong><a href=\"https:\/\/www.lev-nrw.org\/index.php?action=102&amp;e=2425\"> Ausschreibung<\/a><\/strong><\/p>\n<p>[\/et_pb_text][et_pb_text _builder_version=&#8220;4.27.2&#8243; _module_preset=&#8220;default&#8220; text_line_height=&#8220;1.5em&#8220; header_2_text_color=&#8220;#0C3351&#8243; header_3_text_color=&#8220;#004C7B&#8220; header_3_font_size=&#8220;24px&#8220; header_4_text_color=&#8220;#004C7B&#8220; link_option_url_new_window=&#8220;on&#8220; global_colors_info=&#8220;{}&#8220;]<\/p>\n<h3>NRW Trophy<span style=\"text-decoration: underline;\"><\/span><\/h3>\n<h4>Dortmund, 14. &amp; 17.11.2024<span style=\"text-decoration: underline;\"><\/span><\/h4>\n<p><span style=\"font-size: 14px;\">Wir gratulieren unseren L\u00e4uferInnen zu ihren Platzierungen:<\/span><\/p>\n<p>\u00a0 Daryna Zimina &#8211; Advanced Novice Girls &#8211; 26. Platz<\/p>\n<p><span style=\"font-size: 14px;\">\u00a0 Daryna Zimina &amp; Jan Egorov (EJE) &#8211; Advanced Novice Ice Dance &#8211; 2. Platz<\/span><\/p>\n<p>\u00a0 Enik\u00f6 Kobor &amp; Zoard Kobor &#8211; Junior Ice Dance &#8211; 10. Platz<\/p>\n<p><strong><a href=\"https:\/\/www.lev-nrw.org\/index.php?action=102&amp;e=2372\"> Ausschreibung\/Meldeliste<\/a><\/strong><\/p>\n<p>[\/et_pb_text][et_pb_text _builder_version=&#8220;4.27.2&#8243; _module_preset=&#8220;default&#8220; text_line_height=&#8220;1.5em&#8220; header_2_text_color=&#8220;#0C3351&#8243; header_3_text_color=&#8220;#004C7B&#8220; header_3_font_size=&#8220;24px&#8220; header_4_text_color=&#8220;#004C7B&#8220; link_option_url_new_window=&#8220;on&#8220; global_colors_info=&#8220;{}&#8220;]<\/p>\n<h3>Christmas Cup<span style=\"text-decoration: underline;\"><\/span><\/h3>\n<h4>Bremerhaven, 08. &amp; 09.11.2024<span style=\"text-decoration: underline;\"><\/span><\/h4>\n<p><span style=\"font-size: 14px;\">Wir gratulieren unseren L\u00e4uferInnen zu ihren Platzierungen:<\/span><\/p>\n<p>\u00a0Per Marten Volz &#8211; Eisl\u00e4ufer &#8211; 3.Platz<\/p>\n<p>\u00a0Amalia Volz &#8211; Figurenl\u00e4ufer A &#8211; 4.Platz<\/p>\n<p>\u00a0Friederike Volz &#8211; Figurenl\u00e4ufer B &#8211; 11.Platz<\/p>\n<p>\u00a0Isabelle Gruber &#8211; Kunstl\u00e4ufer &#8211; 9.Platz<br \/>\u00a0Anne Walther &#8211; Kunstl\u00e4ufer &#8211; 16.Platz<\/p>\n<p>\u00a0Lara B\u00fcddecker &#8211; Jugend &#8211; 4.Platz<\/p>\n<p><strong><a href=\"https:\/\/www.lev-nrw.org\/index.php?action=102&amp;e=2426\"> Meldeliste<\/a><\/strong><\/p>\n<p>[\/et_pb_text][et_pb_text _builder_version=&#8220;4.27.2&#8243; _module_preset=&#8220;default&#8220; text_line_height=&#8220;1.5em&#8220; header_2_text_color=&#8220;#0C3351&#8243; header_3_text_color=&#8220;#004C7B&#8220; header_3_font_size=&#8220;24px&#8220; header_4_text_color=&#8220;#004C7B&#8220; link_option_url_new_window=&#8220;on&#8220; global_colors_info=&#8220;{}&#8220;]<\/p>\n<h3>Gro\u00dfer Berliner B\u00e4r<\/h3>\n<h3><span style=\"font-size: 15px;\">Berlin, 01. &#8211; 03.11.2024<\/span><span style=\"text-decoration: underline;\"><\/span><\/h3>\n<p><span style=\"font-size: 14px;\">Wir gratulieren unseren L\u00e4uferInnen zu ihren Platzierungen:<\/span><\/p>\n<p>\u00a0Daryna Zimina &#8211; Nachwuchs M\u00e4dchen A &#8211; 9.Platz<\/p>\n<p>\u00a0Charlize Kyrychenko &#8211; Nachwuchs M\u00e4dchen B &#8211; 10.Platz<\/p>\n<p><strong><a href=\"https:\/\/www.lev-nrw.org\/index.php?action=102&amp;e=2421\"> Ausschreibung\/Meldeliste<\/a><\/strong><\/p>\n<p>[\/et_pb_text][et_pb_text _builder_version=&#8220;4.27.2&#8243; _module_preset=&#8220;default&#8220; text_line_height=&#8220;1.5em&#8220; header_2_text_color=&#8220;#0C3351&#8243; header_3_text_color=&#8220;#004C7B&#8220; header_3_font_size=&#8220;24px&#8220; header_4_text_color=&#8220;#004C7B&#8220; link_option_url_new_window=&#8220;on&#8220; global_colors_info=&#8220;{}&#8220;]<\/p>\n<h3>Westfalen Cup<span style=\"text-decoration: underline;\"><\/span><\/h3>\n<h4>Dortmund, 24. &#8211; 27.10.2024<span style=\"text-decoration: underline;\"><\/span><\/h4>\n<p><span style=\"font-size: 14px;\">Wir gratulieren unseren L\u00e4uferInnen zu ihren Platzierungen:<\/span><\/p>\n<p>\u00a0Elsa-Luisa Briantseva &#8211; Freil\u00e4ufer A &#8211; 9.Platz<br \/>\u00a0Nicole Meleschko &#8211; Freil\u00e4ufer A &#8211; 17.Platz<br \/>\u00a0Ria Mews &#8211; Freil\u00e4ufer A &#8211; 19.Platz<\/p>\n<p>\u00a0Amalia Volz &#8211; Figurenl\u00e4ufer A &#8211; 14.Platz<\/p>\n<p>\u00a0Friederike Volz &#8211; Figurenl\u00e4ufer B &#8211; 13.Platz<\/p>\n<p>\u00a0Filip Landwehrmann &#8211; Figurenl\u00e4ufer Jungen &#8211; 1.Platz<\/p>\n<p>\u00a0Yeva Dehtiarova &#8211; Kunstl\u00e4ufer &#8211; 11.Platz<br \/>\u00a0Solomiia Serdiuk &#8211; Kunstl\u00e4ufer &#8211; 19.Platz<br \/>\u00a0Arina Sapasnik &#8211; Kunstl\u00e4ufer &#8211; 20.Platz<br \/>\u00a0Carla Raschke &#8211; Kunstl\u00e4ufer &#8211; 21.Platz<br \/>\u00a0Valentina Giring &#8211; Kunstl\u00e4ufer &#8211; 22.Platz<\/p>\n<p>\u00a0Charlotte Janaszek &#8211; Neulinge &#8211; 8.Platz<\/p>\n<p>\u00a0Arina Kochkina &#8211; Nachwuchs B &#8211; 5.Platz<br \/>\u00a0Charlotte Gey &#8211; Nachwuchs B &#8211; 21.Platz<\/p>\n<p>\u00a0Daryna Zimina &#8211; Advanced Novice M\u00e4dchen A &#8211; 15.Platz<\/p>\n<p>\u00a0Charlize Kyrychenko &#8211; Advanced Novice M\u00e4dchen B &#8211; 20.Platz<\/p>\n<p>\u00a0Ruslan Danilin &#8211; Advanced Novice Jungen &#8211; 5.Platz<\/p>\n<p>\u00a0Maja Gaus &#8211; Jugend Damen &#8211; 3.Platz<\/p>\n<p>\u00a0Daryna Zimina &amp; Jan Egorov (EJE) &#8211; Advanced Novice Ice Dance &#8211; 1.Platz<\/p>\n<p><strong><a href=\"https:\/\/www.lev-nrw.org\/index.php?action=102&amp;e=2371\"> Ausschreibung<\/a><\/strong><\/p>\n<p>[\/et_pb_text][et_pb_text _builder_version=&#8220;4.27.2&#8243; _module_preset=&#8220;default&#8220; text_line_height=&#8220;1.5em&#8220; header_2_text_color=&#8220;#0C3351&#8243; header_3_text_color=&#8220;#004C7B&#8220; header_3_font_size=&#8220;24px&#8220; header_4_text_color=&#8220;#004C7B&#8220; link_option_url_new_window=&#8220;on&#8220; global_colors_info=&#8220;{}&#8220;]<\/p>\n<h3>Ruhr Cup<span style=\"text-decoration: underline;\"><\/span><\/h3>\n<h4>Essen, 12. &amp; 13.10.2024<span style=\"text-decoration: underline;\"><\/span><\/h4>\n<p><span style=\"font-size: 14px;\">Wir gratulieren unseren L\u00e4uferInnen zu ihren Platzierungen:<\/span><\/p>\n<p>\u00a0 Charlotte Janaszek &#8211; Neulinge &#8211; 1.Platz<\/p>\n<p>\u00a0 Arina Kochkina &#8211; Nachwuchs B &#8211; 1.Platz<\/p>\n<p>\u00a0 Anastassia Filippov &#8211; U10 &#8211; 1.Platz<\/p>\n<p>\u00a0 Tim Landwehrmann &#8211; Pre Advanced Novice Jungen &#8211; 1.Platz<\/p>\n<p>\u00a0 Daryna Zimina &#8211; Advanced Novice M\u00e4dchen &#8211; 12.Platz<br \/>\u00a0 Charlize Kyrychenko &#8211; Advanced Novice M\u00e4dchen &#8211; 20.Platz<\/p>\n<p>\u00a0 Ruslan Danilin &#8211; Advanced Novice Jungen &#8211; 2.Platz<span style=\"font-size: 14px;\"><\/span><\/p>\n<p><span style=\"font-size: 14px;\"><\/span><\/p>\n<p><strong><a href=\"https:\/\/www.lev-nrw.org\/index.php?action=102&amp;e=2374\"> Ausschreibung<\/a><\/strong><\/p>\n<p>[\/et_pb_text][et_pb_text _builder_version=&#8220;4.27.2&#8243; _module_preset=&#8220;default&#8220; text_line_height=&#8220;1.5em&#8220; header_2_text_color=&#8220;#0C3351&#8243; header_3_text_color=&#8220;#004C7B&#8220; header_3_font_size=&#8220;24px&#8220; header_4_text_color=&#8220;#004C7B&#8220; link_option_url_new_window=&#8220;on&#8220; global_colors_info=&#8220;{}&#8220;]<\/p>\n<h3>Niederrheinpokal<span style=\"text-decoration: underline;\"><\/span><\/h3>\n<h4>Dinslaken, 05. &amp; 06.10.2024<span style=\"text-decoration: underline;\"><\/span><\/h4>\n<p><span style=\"font-size: 14px;\">Wir gratulieren unseren L\u00e4uferInnen zu ihren Platzierungen:<\/span><\/p>\n<p>\u00a0 Emilia Holban &#8211; Minis &#8211; 13.Platz<\/p>\n<p>\u00a0 Vera Berenzon &#8211; Eisl\u00e4ufer A &#8211; 14.Platz<br \/>\u00a0 Elizabeth Oussov &#8211; Eisl\u00e4ufer A &#8211; 17.Platz<br \/>\u00a0 Emma Mews &#8211; Eisl\u00e4ufer A &#8211; 19.Platz<\/p>\n<p>\u00a0 Per Marten Volz &#8211; Eisl\u00e4ufer B &#8211; 8.Platz<br \/>\u00a0 Anastasiia Sokolova &#8211; Eisl\u00e4ufer B &#8211; 10.Platz<\/p>\n<p>\u00a0 Elsa-Luisa Briantseva &#8211; Freil\u00e4ufer A &#8211; 8.Platz<br \/>\u00a0 Nina Kreft &#8211; Freil\u00e4ufer A &#8211; 10.Platz<br \/>\u00a0 Nicole Meleschko &#8211; Freil\u00e4ufer A &#8211; 14.Platz<br \/>\u00a0 Ria Mews &#8211; Freil\u00e4ufer A &#8211; 15.Platz<br \/>\u00a0 Isabell Bergner &#8211; Freil\u00e4ufer A &#8211; 16.Platz<\/p>\n<p>\u00a0 Veronique Gruber &#8211; Figurenl\u00e4ufer A &#8211; 13.Platz<br \/>\u00a0 Amalia Volz &#8211; Figurenl\u00e4ufer A &#8211; 14.Platz<\/p>\n<p>\u00a0 Friederike Volz &#8211; Figurenl\u00e4ufer B &#8211; 8.Platz<\/p>\n<p>\u00a0 Filip Landwehrmann &#8211; Figurenl\u00e4ufer Jungen &#8211; 1.Platz<\/p>\n<p>\u00a0 Isabelle Gruber &#8211; Kunstl\u00e4ufer &#8211; 9.Platz<br \/><span style=\"font-size: 14px;\">\u00a0 Anne Walther &#8211; Kunstl\u00e4ufer &#8211; 11.Platz<\/span><br \/>\u00a0 Arina Sapasnik &#8211; Kunstl\u00e4ufer &#8211; 12.Platz<br \/>\u00a0 Yeva Dehtiarova &#8211; Kunstl\u00e4ufer &#8211; 13.Platz<\/p>\n<p>\u00a0 Charlotte Janaszek &#8211; Neulinge &#8211; 2.Platz<\/p>\n<p>\u00a0 Arina Kochkina &#8211; Nachwuchs B &#8211; 1.Platz<br \/>\u00a0 Charlotte Gey &#8211; Nachwuchs B &#8211; 6.Platz<\/p>\n<p>\u00a0 Alexane Niesler &#8211; Young Adult Silber &#8211; 1.Platz<br \/>\u00a0 Kelly Schmitt &#8211; Young Adult Silber &#8211; 3.Platz<\/p>\n<p>\u00a0 Anastassia Filippov &#8211; U10 &#8211; 1.Platz<\/p>\n<p>\u00a0 Tim Landwehrmann &#8211; Pre Advanced Novice Jungen &#8211; 1.Platz<\/p>\n<p>\u00a0 Daryna Zimina &#8211; Advanced Novice M\u00e4dchen &#8211; 4.Platz<br \/>\u00a0 Charlize Kyrychenko &#8211; Advanced Novice M\u00e4dchen &#8211; 8.Platz<\/p>\n<p><strong><a href=\"https:\/\/www.lev-nrw.org\/index.php?action=102&amp;e=2385\"> Ausschreibung<\/a><\/strong><\/p>\n<p>[\/et_pb_text][et_pb_text _builder_version=&#8220;4.22.1&#8243; _module_preset=&#8220;default&#8220; text_line_height=&#8220;1.5em&#8220; header_2_text_color=&#8220;#0C3351&#8243; header_3_text_color=&#8220;#004C7B&#8220; header_3_font_size=&#8220;24px&#8220; header_4_text_color=&#8220;#004C7B&#8220; link_option_url_new_window=&#8220;on&#8220; global_colors_info=&#8220;{}&#8220;]<\/p>\n<h3>Klassenlaufen<span style=\"text-decoration: underline;\"><\/span><\/h3>\n<h4>Dortmund, 16.09.2024<span style=\"text-decoration: underline;\"><\/span><\/h4>\n<p><span style=\"font-size: 14px;\">Wir gratulieren Daryna zu ihren bestandenen Klassenlaufpr\u00fcfungen!<\/span><\/p>\n<p>[\/et_pb_text][et_pb_text _builder_version=&#8220;4.27.2&#8243; _module_preset=&#8220;default&#8220; text_line_height=&#8220;1.5em&#8220; header_2_text_color=&#8220;#0C3351&#8243; header_3_text_color=&#8220;#004C7B&#8220; header_3_font_size=&#8220;24px&#8220; header_4_text_color=&#8220;#004C7B&#8220; background_color=&#8220;#EB0000&#8243; min_height=&#8220;30px&#8220; custom_padding=&#8220;||31px|||&#8220; link_option_url_new_window=&#8220;on&#8220; global_colors_info=&#8220;{}&#8220;]<\/p>\n<h3 style=\"text-align: center;\"><\/h3>\n<h3 style=\"text-align: center;\">SAISON 2023\/2024<\/h3>\n<p>[\/et_pb_text][et_pb_text _builder_version=&#8220;4.22.1&#8243; _module_preset=&#8220;default&#8220; text_line_height=&#8220;1.5em&#8220; header_2_text_color=&#8220;#0C3351&#8243; header_3_text_color=&#8220;#004C7B&#8220; header_3_font_size=&#8220;24px&#8220; header_4_text_color=&#8220;#004C7B&#8220; link_option_url_new_window=&#8220;on&#8220; global_colors_info=&#8220;{}&#8220;]<\/p>\n<h3>ISU Adult\u00a0<span style=\"text-decoration: underline;\"><\/span><\/h3>\n<h4>Oberstdorf, 12.-17.05.2024<span style=\"text-decoration: underline;\"><\/span><\/h4>\n<p><span style=\"font-size: 14px;\">Wir gratulieren unseren L\u00e4uferInnen zu ihren Platzierungen:<\/span><\/p>\n<p><span style=\"font-size: 14px;\">\u00a0 \u00a0Heiko Kumkar &#8211; Bronze Men III + IV Free Skating &#8211; 5.Platz<\/span><\/p>\n<p>\u00a0 \u00a0Heiko Kumkar &#8211; Bronze Men III Artistic Free Skating &#8211; 4.Platz<\/p>\n<p>\u00a0 \u00a0Kirsten Steprath &#8211; Gold Women I Artistic Free Skating &#8211; 7.Platz<\/p>\n<p>\u00a0 \u00a0Kirsten Steprath &amp; Klaus Fietkau (SCK) &#8211; Ic<span>e Dance Masters Pattern Dance &#8211; 2.Platz<\/span><\/p>\n<p>[\/et_pb_text][et_pb_text _builder_version=&#8220;4.22.1&#8243; _module_preset=&#8220;default&#8220; text_line_height=&#8220;1.5em&#8220; header_2_text_color=&#8220;#0C3351&#8243; header_3_text_color=&#8220;#004C7B&#8220; header_3_font_size=&#8220;24px&#8220; header_4_text_color=&#8220;#004C7B&#8220; link_option_url_new_window=&#8220;on&#8220; global_colors_info=&#8220;{}&#8220;]<\/p>\n<h3>Klassenlaufen<span style=\"text-decoration: underline;\"><\/span><\/h3>\n<h4>Dortmund, 22.04.2024<span style=\"text-decoration: underline;\"><\/span><\/h4>\n<p><span style=\"font-size: 14px;\">Wir gratulieren Tim und Daryna zu ihren bestandenen Klassenlaufpr\u00fcfungen!<\/span><\/p>\n<p>[\/et_pb_text][et_pb_text _builder_version=&#8220;4.22.1&#8243; _module_preset=&#8220;default&#8220; text_line_height=&#8220;1.5em&#8220; header_2_text_color=&#8220;#0C3351&#8243; header_3_text_color=&#8220;#004C7B&#8220; header_3_font_size=&#8220;24px&#8220; header_4_text_color=&#8220;#004C7B&#8220; link_option_url_new_window=&#8220;on&#8220; global_colors_info=&#8220;{}&#8220;]<\/p>\n<h3>Ice Crystal Trophy<span style=\"text-decoration: underline;\"><\/span><\/h3>\n<h4>Ghent (Belgien), 20.04.2024<span style=\"text-decoration: underline;\"><\/span><\/h4>\n<p>Wir gratulieren unserem SYS-Team, den Rising Roses, zum 1.Platz in der Kategorie Mixed Age!<\/p>\n<p>[\/et_pb_text][et_pb_text _builder_version=&#8220;4.22.1&#8243; _module_preset=&#8220;default&#8220; text_line_height=&#8220;1.5em&#8220; header_2_text_color=&#8220;#0C3351&#8243; header_3_text_color=&#8220;#004C7B&#8220; header_3_font_size=&#8220;24px&#8220; header_4_text_color=&#8220;#004C7B&#8220; link_option_url_new_window=&#8220;on&#8220; global_colors_info=&#8220;{}&#8220;]<\/p>\n<h3>Hamburger Michel<span style=\"text-decoration: underline;\"><\/span><\/h3>\n<h4>Hamburg, 30.03.2024<span style=\"text-decoration: underline;\"><\/span><\/h4>\n<p><span style=\"font-size: 14px;\">Wir gratulieren unseren L\u00e4uferInnen zu ihren Platzierungen:<\/span><\/p>\n<p>\u00a0 Maren Pullwitt &#8211; <span>ISU Adult Single Bronze AK II + AK III Ladies &#8211; 3.Platz<\/span><\/p>\n<p>\u00a0 Lena Galle &#8211; <span>ISU Adult Artistic Silber AK 0 Ladies &#8211; 1.Platz<\/span><span><\/span><\/p>\n<p><strong><a href=\"https:\/\/hsc1881.de\/eiskunstlauf\/26-hamburger-michel-2024\/\"> Seite des Veranstalters<\/a><\/strong><\/p>\n<p>[\/et_pb_text][et_pb_text _builder_version=&#8220;4.22.1&#8243; _module_preset=&#8220;default&#8220; text_line_height=&#8220;1.5em&#8220; header_2_text_color=&#8220;#0C3351&#8243; header_3_text_color=&#8220;#004C7B&#8220; header_3_font_size=&#8220;24px&#8220; header_4_text_color=&#8220;#004C7B&#8220; link_option_url_new_window=&#8220;on&#8220; global_colors_info=&#8220;{}&#8220;]<\/p>\n<h3>Klassenlaufen<span style=\"text-decoration: underline;\"><\/span><\/h3>\n<h4>Krefeld, 25.03.2024<span style=\"text-decoration: underline;\"><\/span><\/h4>\n<p><span style=\"font-size: 14px;\">Wir gratulieren Anastassia, Lisa und Charlotte zur bestandenen Klassenlaufpr\u00fcfung!<\/span><\/p>\n<p>[\/et_pb_text][et_pb_text _builder_version=&#8220;4.22.1&#8243; _module_preset=&#8220;default&#8220; text_line_height=&#8220;1.5em&#8220; header_2_text_color=&#8220;#0C3351&#8243; header_3_text_color=&#8220;#004C7B&#8220; header_3_font_size=&#8220;24px&#8220; header_4_text_color=&#8220;#004C7B&#8220; link_option_url_new_window=&#8220;on&#8220; global_colors_info=&#8220;{}&#8220;]<\/p>\n<h3>Marietta Marik Pokal<span style=\"text-decoration: underline;\"><\/span><\/h3>\n<h4>Bielefeld, 24.03.2024<span style=\"text-decoration: underline;\"><\/span><\/h4>\n<p><span style=\"font-size: 14px;\">Wir gratulieren unseren L\u00e4uferInnen zu ihren Platzierungen:<\/span><\/p>\n<p>\u00a0 Emilia Holban &#8211; Mini\u0219 A &#8211; 10.Platz<span style=\"font-size: 14px;\"><\/span><\/p>\n<p>\u00a0 Nicole Meleschko &#8211; Eisl\u00e4ufer A &#8211; 4.Platz<\/p>\n<p>\u00a0 Elsa-Luisa Briantseva &#8211; Eisl\u00e4ufer B &#8211; 1.Platz<\/p>\n<p>\u00a0 Nina Kreft &#8211; Eisl\u00e4ufer C &#8211; 17.Platz<\/p>\n<p><strong><a href=\"https:\/\/www.lev-nrw.org\/index.php?action=102&amp;e=2304\"> Ausschreibung\/ Info&#8217;s zur Sportity App<\/a><\/strong><\/p>\n<p>[\/et_pb_text][et_pb_text _builder_version=&#8220;4.22.1&#8243; _module_preset=&#8220;default&#8220; text_line_height=&#8220;1.5em&#8220; header_2_text_color=&#8220;#0C3351&#8243; header_3_text_color=&#8220;#004C7B&#8220; header_3_font_size=&#8220;24px&#8220; header_4_text_color=&#8220;#004C7B&#8220; link_option_url_new_window=&#8220;on&#8220; global_colors_info=&#8220;{}&#8220;]<\/p>\n<h3>Bavaria Cup<span style=\"text-decoration: underline;\"><\/span><\/h3>\n<h4>H\u00f6chstadt, 23. &amp; 24.03.2024<span style=\"text-decoration: underline;\"><\/span><\/h4>\n<p>Wir gratulieren unserem SYS-Team, den Rising Roses, zum 2.Platz in der Kategorie Mixed Age!<\/p>\n<p><strong><a href=\"https:\/\/bavariacup.eu\"> Seite des Veranstalters<\/a><\/strong><\/p>\n<p>[\/et_pb_text][et_pb_text _builder_version=&#8220;4.22.1&#8243; _module_preset=&#8220;default&#8220; text_line_height=&#8220;1.5em&#8220; header_2_text_color=&#8220;#0C3351&#8243; header_3_text_color=&#8220;#004C7B&#8220; header_3_font_size=&#8220;24px&#8220; header_4_text_color=&#8220;#004C7B&#8220; link_option_url_new_window=&#8220;on&#8220; global_colors_info=&#8220;{}&#8220;]<\/p>\n<h3>Bitburger Pokal<span style=\"text-decoration: underline;\"><\/span><\/h3>\n<h4>Bitburg, 16.-17.03.2024<span style=\"text-decoration: underline;\"><\/span><\/h4>\n<p><span style=\"font-size: 14px;\">Wir gratulieren unseren L\u00e4uferInnen zu ihren Platzierungen:<\/span><\/p>\n<p>\u00a0 Maren Pullwitt &#8211; Adult Bronze Damen &#8211; 4.Platz<span style=\"font-size: 14px;\"><\/span><\/p>\n<p>\u00a0 Lena Galle &#8211; Show Solo &#8211; 4.Platz<\/p>\n<p><strong><a href=\"https:\/\/www.lev-nrw.org\/index.php?action=102&amp;e=2386\"> Meldeliste<\/a><\/strong><\/p>\n<p>[\/et_pb_text][et_pb_text _builder_version=&#8220;4.22.1&#8243; _module_preset=&#8220;default&#8220; text_line_height=&#8220;1.5em&#8220; header_2_text_color=&#8220;#0C3351&#8243; header_3_text_color=&#8220;#004C7B&#8220; header_3_font_size=&#8220;24px&#8220; header_4_text_color=&#8220;#004C7B&#8220; link_option_url_new_window=&#8220;on&#8220; global_colors_info=&#8220;{}&#8220;]<\/p>\n<h3>Quirinus-Pokal<span style=\"text-decoration: underline;\"><\/span><\/h3>\n<h4>Neuss, 16.03.2024<span style=\"text-decoration: underline;\"><\/span><\/h4>\n<p><span style=\"font-size: 14px;\">Wir gratulieren unseren L\u00e4uferInnen zu ihren Platzierungen:<\/span><\/p>\n<p>\u00a0 Solomiia Serdiuk &#8211; Figurenl\u00e4ufer A &#8211; 18.Platz<br \/><span style=\"font-size: 14px;\"><\/span><\/p>\n<p>[\/et_pb_text][et_pb_text _builder_version=&#8220;4.22.1&#8243; _module_preset=&#8220;default&#8220; text_line_height=&#8220;1.5em&#8220; header_2_text_color=&#8220;#0C3351&#8243; header_3_text_color=&#8220;#004C7B&#8220; header_3_font_size=&#8220;24px&#8220; header_4_text_color=&#8220;#004C7B&#8220; link_option_url_new_window=&#8220;on&#8220; global_colors_info=&#8220;{}&#8220;]<\/p>\n<h3>Deutschlandpokal<span style=\"text-decoration: underline;\"><\/span><\/h3>\n<h4>Stuttgart, 14.-17.03.2024<span style=\"text-decoration: underline;\"><\/span><\/h4>\n<p><span style=\"font-size: 14px;\">Wir gratulieren unseren L\u00e4uferInnen zu ihren Platzierungen:<\/span><\/p>\n<p><span style=\"font-size: 14px;\">\u00a0 Daryna Zimina &#8211; Pre Advanced Novice M\u00e4dchen &#8211; 12.Platz<\/span><\/p>\n<p><span style=\"font-size: 14px;\">\u00a0 Ruslan Danilin &#8211; Advanced Novice Jungen &#8211; 8.Platz<\/span><\/p>\n<p><span style=\"font-size: 14px;\">\u00a0 Maja Gaus &#8211; Jugend Damen &#8211; 3. Platz<\/span><\/p>\n<p>[\/et_pb_text][et_pb_text _builder_version=&#8220;4.22.1&#8243; _module_preset=&#8220;default&#8220; text_line_height=&#8220;1.5em&#8220; header_2_text_color=&#8220;#0C3351&#8243; header_3_text_color=&#8220;#004C7B&#8220; header_3_font_size=&#8220;24px&#8220; header_4_text_color=&#8220;#004C7B&#8220; link_option_url_new_window=&#8220;on&#8220; global_colors_info=&#8220;{}&#8220;]<\/p>\n<h3>Skate Berlin Adult<br \/><span style=\"text-decoration: underline;\"><\/span><\/h3>\n<h4>Berlin, 09.-10.03.2024<span style=\"text-decoration: underline;\"><\/span><\/h4>\n<p><span style=\"font-size: 14px;\">Wir gratulieren unseren L\u00e4uferInnen zu ihren Platzierungen:<\/span><\/p>\n<p>\u00a0 Maren Pullwitt &#8211; Bronze III Woman Free Skating &#8211; 8.Platz<span style=\"font-size: 14px;\"><\/span><\/p>\n<p>\u00a0 Heiko Kumkar &#8211; Bronze II\/III Men Free Skating &#8211; 3.Platz<\/p>\n<p>\u00a0 Heiko Kumkar &#8211; Bronze II\/III Men Artistic Free Skating &#8211; 2.Platz<\/p>\n<p><span style=\"font-size: 14px;\"><\/span><\/p>\n<p><strong><a href=\"https:\/\/skate-berlin-adults.com\/de\/colibri-356\/\"> Seite des Veranstalters<\/a><\/strong><\/p>\n<p>[\/et_pb_text][et_pb_text _builder_version=&#8220;4.22.1&#8243; _module_preset=&#8220;default&#8220; text_line_height=&#8220;1.5em&#8220; header_2_text_color=&#8220;#0C3351&#8243; header_3_text_color=&#8220;#004C7B&#8220; header_3_font_size=&#8220;24px&#8220; header_4_text_color=&#8220;#004C7B&#8220; link_option_url_new_window=&#8220;on&#8220; global_colors_info=&#8220;{}&#8220;]<\/p>\n<h3>Dom Pokal<br \/><span style=\"text-decoration: underline;\"><\/span><\/h3>\n<h4>K\u00f6ln, 09.-10.03.2024<span style=\"text-decoration: underline;\"><\/span><\/h4>\n<p><span style=\"font-size: 14px;\">Wir gratulieren unseren L\u00e4uferInnen zu ihren Platzierungen:<\/span><span style=\"font-size: 14px;\"><\/span><br \/><span style=\"font-size: 14px;\"><\/span><\/p>\n<p><span style=\"font-size: 14px;\">\u00a0 Amalia Volz &#8211; Freil\u00e4ufer C &#8211; 11.Platz<br \/><\/span><br \/><span style=\"font-size: 14px;\">\u00a0 Friederike Volz &#8211; Freil\u00e4ufer E &#8211; 8.Platz<\/span><\/p>\n<p>\u00a0 Sarah Harder &#8211; Figurenl\u00e4ufer A &#8211; 5.Platz<br \/>\u00a0 Arina Sapasnik &#8211; Figurenl\u00e4ufer A &#8211; 6.Platz<br \/>\u00a0 Yeva Dehtiarova &#8211; Figurenl\u00e4ufer A &#8211; 10.Platz<br \/>\u00a0 Solomiia Serdiuk &#8211; Figurenl\u00e4ufer A &#8211; 12.Platz<br \/>\u00a0 Aki Ito &#8211; Figurenl\u00e4ufer A &#8211; 14.Platz<\/p>\n<p>\u00a0 Valentina Giring &#8211; Figurenl\u00e4ufer B &#8211; 9.Platz<\/p>\n<p>\u00a0 Anne Walther &#8211; Figurenl\u00e4ufer C &#8211; 6.Platz<br \/>\u00a0 Isabelle Gruber &#8211; Figurenl\u00e4ufer C &#8211; 17.Platz<\/p>\n<p>\u00a0 Laura Harder &#8211; Kunstl\u00e4ufer A &#8211; 15.Platz<\/p>\n<p>\u00a0 Alina Riabko &#8211; Anw\u00e4rter A &#8211; 1.Platz<\/p>\n<p>\u00a0 Annika Kuschnir &#8211; Neulinge &#8211; 5.Platz<br \/>\u00a0 Charlotte Gey &#8211; Neulinge &#8211; 7.Platz<br \/>\u00a0 Meliha Ouyad &#8211; Neulinge &#8211; 17.Platz<br \/><span style=\"font-size: 14px;\"><br \/>\u00a0 Kelly Schmidt &#8211; Young Adult Silber &#8211; 1.Platz<br \/><\/span><span style=\"font-size: 14px;\">\u00a0 Lily Asselborn &#8211; Young Adult Silber &#8211; 6.Platz<br \/>\u00a0 Laura Raschke &#8211; Young Adult Silber &#8211; 10.Platz<\/span><\/p>\n<p><strong><a href=\"https:\/\/www.lev-nrw.org\/index.php?action=102&amp;e=2346\"> Meldeliste\/ Ausschreibung<\/a><\/strong><\/p>\n<p>[\/et_pb_text][et_pb_text _builder_version=&#8220;4.22.1&#8243; _module_preset=&#8220;default&#8220; text_line_height=&#8220;1.5em&#8220; header_2_text_color=&#8220;#0C3351&#8243; header_3_text_color=&#8220;#004C7B&#8220; header_3_font_size=&#8220;24px&#8220; header_4_text_color=&#8220;#004C7B&#8220; link_option_url_new_window=&#8220;on&#8220; global_colors_info=&#8220;{}&#8220;]<\/p>\n<h3>Young Adult &amp; Adult Cup<span style=\"text-decoration: underline;\"><\/span><\/h3>\n<h4>Dortmund, 03.03.2024<span style=\"text-decoration: underline;\"><\/span><\/h4>\n<p><span style=\"font-size: 14px;\">Wir gratulieren unseren L\u00e4uferInnen zu ihren Platzierungen:<\/span><\/p>\n<p><span style=\"font-size: 14px;\">\u00a0 Kelly Schmidt &#8211; Young Adult Silber &#8211; 8.Platz<br \/>\u00a0 Amelie L\u00f6negren &#8211; Young Adult Silber &#8211; 10.Platz<\/span><\/p>\n<p>\u00a0 Maren Pullwitt &#8211; Adult Pre-Bronze Damen &#8211; 10.Platz<span style=\"font-size: 14px;\"><\/span><\/p>\n<p>\u00a0 Alexandra Grot &#8211; Adult Bronze Damen &#8211; 18.Platz<\/p>\n<p>\u00a0 Heiko Kumkar &#8211; Adult Bronze Herren &#8211; 2.Platz<\/p>\n<p><span style=\"font-size: 14px;\"><\/span><\/p>\n<p><strong><a href=\"https:\/\/www.lev-nrw.org\/index.php?action=41&amp;id=372\"> Zeitplan\/ Link Livestream\/ Info&#8217;s zur Sportity App<\/a><\/strong><\/p>\n<p>[\/et_pb_text][et_pb_text _builder_version=&#8220;4.22.1&#8243; _module_preset=&#8220;default&#8220; text_line_height=&#8220;1.5em&#8220; header_2_text_color=&#8220;#0C3351&#8243; header_3_text_color=&#8220;#004C7B&#8220; header_3_font_size=&#8220;24px&#8220; header_4_text_color=&#8220;#004C7B&#8220; link_option_url_new_window=&#8220;on&#8220; global_colors_info=&#8220;{}&#8220;]<\/p>\n<h3>Landesmeisterschaften &amp; Deutschlandpokal SYS<span style=\"text-decoration: underline;\"><\/span><\/h3>\n<h4>Dortmund, 16.-18.02.2024<span style=\"text-decoration: underline;\"><\/span><\/h4>\n<p><span style=\"font-size: 14px;\">Wir gratulieren unseren L\u00e4uferInnen zu ihren Platzierungen:<\/span><\/p>\n<p>\u00a0 Alina Riabko &#8211; Anw\u00e4rter M\u00e4dchen A &#8211; 2.Platz<\/p>\n<p>\u00a0 Charlotte Janaszek &#8211; Anw\u00e4rter M\u00e4dchen B &#8211; 4.Platz<br \/>\u00a0 Lisa Wesner &#8211; Anw\u00e4rter M\u00e4dchen B &#8211; 10.Platz<br \/>\u00a0 Kateryna Kashyna &#8211; Anw\u00e4rter M\u00e4dchen B &#8211; 14.Platz<\/p>\n<p>\u00a0 Tim Landwehrmann &#8211; Anw\u00e4rter Jungen &#8211; 1.Platz<\/p>\n<p>\u00a0 Annika Kuschnir &#8211; Neulinge &#8211; 5.Platz<br \/>\u00a0 Anastassia Filippov &#8211; Neulinge &#8211; 6.Platz<br \/>\u00a0 Noemi Ludwig &#8211; Neulinge &#8211; 18.Platz<br \/>\u00a0 Charlotte Gey &#8211; Neulinge &#8211; 19.Platz<br \/>\u00a0 Aoife Larsen &#8211; Neulinge &#8211; 21.Platz<\/p>\n<p>\u00a0 Daryna Zimina &#8211; Pre Advanced Novice M\u00e4dchen &#8211; 1.Platz<br \/>\u00a0 Arina Kochkina &#8211; Pre Advanced Novice M\u00e4dchen &#8211; 10.Platz<\/p>\n<p>\u00a0 Charlize Kyrychenko &#8211; Advanced Novice M\u00e4dchen &#8211; 13.Platz<br \/>\u00a0 Sophie Eberle &#8211; Advanced Novice M\u00e4dchen &#8211; 14.Platz<br \/>\u00a0 Dora Yang &#8211; Advanced Novice M\u00e4dchen &#8211; 15.Platz<\/p>\n<p>\u00a0 Ruslan Danilin &#8211; Advanced Novice Jungen &#8211; 1.Platz<\/p>\n<p>\u00a0 Maja Gaus &#8211; Jugend Damen &#8211; 5.Platz<\/p>\n<p>\u00a0 Enik\u00f6 Kobor &amp; Zoard Kobor &#8211; Advanced Novice Eistanz &#8211; 1. Platz<br \/>\u00a0 Daryna Zimina &amp; Jan Egorov (EJE) &#8211; Advanced Novice Eistanz &#8211; 3. Platz<\/p>\n<p>\u00a0 Rising Roses &#8211; Mixed Age &#8211; 2. Platz<\/p>\n<p><strong><a href=\"https:\/\/www.lev-nrw.org\/index.php?action=41&amp;id=371\"> Zeitplan\/ Link Livestream\/ Info&#8217;s zur Sportity App<\/a><\/strong><\/p>\n<p>[\/et_pb_text][et_pb_text _builder_version=&#8220;4.22.1&#8243; _module_preset=&#8220;default&#8220; text_line_height=&#8220;1.5em&#8220; header_2_text_color=&#8220;#0C3351&#8243; header_3_text_color=&#8220;#004C7B&#8220; header_3_font_size=&#8220;24px&#8220; header_4_text_color=&#8220;#004C7B&#8220; link_option_url_new_window=&#8220;on&#8220; global_colors_info=&#8220;{}&#8220;]<\/p>\n<h3>Klassenlaufen<span style=\"text-decoration: underline;\"><\/span><\/h3>\n<h4>D\u00fcsseldorf, 10.02.2024<span style=\"text-decoration: underline;\"><\/span><\/h4>\n<p><span style=\"font-size: 14px;\">Wir gratulieren folgenden L\u00e4uferInnen zur bestandenen Klassenlauf-Pr\u00fcfung:<\/span><\/p>\n<p>Valentina, Isabelle, Sarah, Maya, Aki, Alexane, Arina, Solomiia, Anne, Laura, Alexane, Charlotte, Alina, Daryna, Enik\u00f6 &amp; Zoard<span style=\"font-size: 14px;\"><\/span><span style=\"font-size: 14px;\"><\/span><\/p>\n<p><span style=\"font-size: 14px;\"><\/span><\/p>\n<p>Herzlichen Gl\u00fcckwunsch!<span style=\"font-size: 14px;\"><\/span><\/p>\n<p><strong><a href=\"https:\/\/www.tus-wiehl-eiskunstlauf.de\/wiehlpokal\/\"><\/a><\/strong><\/p>\n<p>[\/et_pb_text][et_pb_text _builder_version=&#8220;4.22.1&#8243; _module_preset=&#8220;default&#8220; text_line_height=&#8220;1.5em&#8220; header_2_text_color=&#8220;#0C3351&#8243; header_3_text_color=&#8220;#004C7B&#8220; header_3_font_size=&#8220;24px&#8220; header_4_text_color=&#8220;#004C7B&#8220; link_option_url_new_window=&#8220;on&#8220; global_colors_info=&#8220;{}&#8220;]<\/p>\n<h3>Ina Bauer Pokal<span style=\"text-decoration: underline;\"><\/span><\/h3>\n<h4>Krefeld, 02.-04.02.2024<span style=\"text-decoration: underline;\"><\/span><\/h4>\n<p><span style=\"font-size: 14px;\">Wir gratulieren unseren L\u00e4uferInnen zu ihren Platzierungen:<\/span><\/p>\n<p>\u00a0 Veronique Gruber &#8211; Freil\u00e4ufer M\u00e4dchen B &#8211; 7.Platz<br \/><span style=\"font-size: 14px;\">\u00a0 Amalia Volz &#8211; Freil\u00e4ufer M\u00e4dchen B &#8211; 9.Platz<\/span><\/p>\n<p><span style=\"font-size: 14px;\">\u00a0 Friederike Volz &#8211; Freil\u00e4ufer M\u00e4dchen D &#8211; 7.Platz<\/span><\/p>\n<p><span style=\"font-size: 14px;\">\u00a0 Filip Landwehrmann &#8211; Freil\u00e4ufer Jungen &#8211; 3.Platz<\/span><\/p>\n<p>\u00a0 Yeva Dehtiarova &#8211; Figurenl\u00e4ufer M\u00e4dchen A &#8211; 2.Platz<br \/>\u00a0 Sarah Harder &#8211; Figurenl\u00e4ufer M\u00e4dchen A &#8211; 4.Platz<br \/>\u00a0 Arina Sapasnik &#8211; Figurenl\u00e4ufer M\u00e4dchen A &#8211; 8.Platz<br \/>\u00a0 Maya Hesaki &#8211; Figurenl\u00e4ufer M\u00e4dchen A &#8211; 11.Platz<br \/>\u00a0 Aki Ito &#8211; Figurenl\u00e4ufer M\u00e4dchen A &#8211; 13.Platz<br \/>\u00a0 Solomiia Serdiuk &#8211; Figurenl\u00e4ufer M\u00e4dchen A &#8211; 14.Platz<\/p>\n<p>\u00a0 Valentina Giring &#8211; Figurenl\u00e4ufer M\u00e4dchen B &#8211; 7.Platz<\/p>\n<p>\u00a0 Anne Walther &#8211; Figurenl\u00e4ufer M\u00e4dchen C &#8211; 6.Platz<br \/>\u00a0 Isabelle Gruber &#8211; Figurenl\u00e4ufer M\u00e4dchen C &#8211; 7.Platz<br \/>\u00a0 Julia Juan Peng &#8211; Figurenl\u00e4ufer M\u00e4dchen C &#8211; 8.Platz<br \/>\u00a0 Carla Raschke &#8211; Figurenl\u00e4ufer M\u00e4dchen C &#8211; 9.Platz<\/p>\n<p>\u00a0 Laura Harder &#8211; Kunstl\u00e4ufer M\u00e4dchen A &#8211; 8.Platz<\/p>\n<p>\u00a0 Alina Riabko &#8211; Anw\u00e4rter M\u00e4dchen A &#8211; 3.Platz<\/p>\n<p>\u00a0 Charlotte Janaszek &#8211; Anw\u00e4rter M\u00e4dchen B &#8211; 1.Platz<br \/>\u00a0 Kateryna Kashyna &#8211; Anw\u00e4rter M\u00e4dchen B &#8211; 15.Platz<\/p>\n<p>\u00a0 Tim Landwehrmann &#8211; Anw\u00e4rter Jungen &#8211; 1.Platz<\/p>\n<p>\u00a0 Anastassia Filippov &#8211; Neulinge M\u00e4dchen A &#8211; 8.Platz<br \/>\u00a0 Annika Kuschnir &#8211; Neulinge M\u00e4dchen A &#8211; 11.Platz<\/p>\n<p>\u00a0 Charlotte Gey &#8211; Neulinge M\u00e4dchen B &#8211; 5.Platz<br \/>\u00a0 Noemi Ludwig &#8211; Neulinge M\u00e4dchen B &#8211; 6.Platz<\/p>\n<p>\u00a0 Charlize Kyrychenko &#8211; Advanced Novice M\u00e4dchen &#8211; 10.Platz<br \/>\u00a0 Sophie Eberle &#8211; Advanced Novice M\u00e4dchen &#8211; 13.Platz<\/p>\n<p>\u00a0 Alexane Niesler &#8211; Young Adult Silber &#8211; 1.Platz<br \/>\u00a0 Kelly Schmidt &#8211; Young Adult Silber &#8211; 2.Platz<br \/>\u00a0 Amelie L\u00f6negren &#8211; Young Adult Silber &#8211; 9.Platz<br \/>\u00a0 Laura Raschke &#8211; Young Adult Silber &#8211; 10.Platz<span style=\"font-size: 14px;\"><\/span><\/p>\n<p><strong><a href=\"https:\/\/lev-nrw.org\/docs\/event\/2325\/results\/index.htm\"> Ergebnisse<\/a><\/strong><\/p>\n<p>[\/et_pb_text][et_pb_text _builder_version=&#8220;4.22.1&#8243; _module_preset=&#8220;default&#8220; text_line_height=&#8220;1.5em&#8220; header_2_text_color=&#8220;#0C3351&#8243; header_3_text_color=&#8220;#004C7B&#8220; header_3_font_size=&#8220;24px&#8220; header_4_text_color=&#8220;#004C7B&#8220; link_option_url_new_window=&#8220;on&#8220; global_colors_info=&#8220;{}&#8220;]<\/p>\n<h3>Wiehl Pokal<span style=\"text-decoration: underline;\"><\/span><\/h3>\n<h4>Wiehl, 26.-27.01.2024<span style=\"text-decoration: underline;\"><\/span><\/h4>\n<p><span style=\"font-size: 14px;\">Wir gratulieren unseren L\u00e4uferInnen zu ihren Platzierungen:<\/span><\/p>\n<p>\u00a0 Lily Laudahn &#8211; Minis M\u00e4dchen A &#8211; 5.Platz<span style=\"font-size: 14px;\"><\/span><\/p>\n<p>\u00a0 Vera Berenzon &#8211; Minis M\u00e4dchen B &#8211; 11.Platz<\/p>\n<p>\u00a0 Per Marten Volz &#8211; Eisl\u00e4ufer B &#8211; 22.Platz<\/p>\n<p>\u00a0 Veronique Gruber &#8211; Freil\u00e4ufer M\u00e4dchen A &#8211; 12.Platz<\/p>\n<p>\u00a0 Friederike Volz &#8211; Freil\u00e4ufer M\u00e4dchen B &#8211; 11.Platz<br \/><span style=\"font-size: 14px;\">\u00a0 Amalia Volz &#8211; Freil\u00e4ufer M\u00e4dchen B &#8211; 15.Platz<\/span><\/p>\n<p>\u00a0 Yeva Dehtiarova &#8211; Figurenl\u00e4ufer M\u00e4dchen A &#8211; 2.Platz<br \/>\u00a0 Sarah Harder &#8211; Figurenl\u00e4ufer M\u00e4dchen A &#8211; 3.Platz<br \/>\u00a0 Maya Hesaki &#8211; Figurenl\u00e4ufer M\u00e4dchen A &#8211; 11.Platz<br \/>\u00a0 Solomiia Serdiuk &#8211; Figurenl\u00e4ufer M\u00e4dchen A &#8211; 12.Platz<\/p>\n<p>\u00a0 Valentina Giring &#8211; Figurenl\u00e4ufer M\u00e4dchen B &#8211; 3.Platz<\/p>\n<p>\u00a0 Isabelle Gruber &#8211; Figurenl\u00e4ufer M\u00e4dchen C &#8211; 9.Platz<br \/>\u00a0 Anne Walther &#8211; Figurenl\u00e4ufer M\u00e4dchen C &#8211; 13.Platz<\/p>\n<p>\u00a0 Laura Harder &#8211; Kunstl\u00e4ufer M\u00e4dchen A &#8211; 12.Platz<\/p>\n<p>\u00a0 Alina Riabko &#8211; Anw\u00e4rter M\u00e4dchen A &#8211; 4.Platz<\/p>\n<p>\u00a0 Kateryna Kashyna &#8211; Anw\u00e4rter M\u00e4dchen B &#8211; 19.Platz<\/p>\n<p>\u00a0 Tim Landwehrmann &#8211; Anw\u00e4rter Jungen &#8211; 2.Platz<\/p>\n<p>\u00a0 Anastassia Filippov &#8211; Neulinge M\u00e4dchen A &#8211; 6.Platz<br \/>\u00a0 Annika Kuschnir &#8211; Neulinge M\u00e4dchen A &#8211; 10.Platz<br \/>\u00a0 Meliha Ouayd &#8211; Neulinge M\u00e4dchen A &#8211; 13.Platz<\/p>\n<p>\u00a0 Charlotte Gey &#8211; Neulinge M\u00e4dchen B &#8211; 6.Platz<\/p>\n<p>\u00a0 Arina Kochkina &#8211; Pre Advanced Novice &#8211; 6.Platz<\/p>\n<p>\u00a0 Sophie Eberle &#8211; Advanced Novice M\u00e4dchen &#8211; 10.Platz<\/p>\n<p>\u00a0 Ruslan Danilin &#8211; Advanced Novice Jungen &#8211; 1.Platz<\/p>\n<p>\u00a0 Maja Gaus &#8211; Jugend Damen &#8211; 1.Platz<\/p>\n<p>\u00a0 Alexane Niesler &#8211; Young Adult Silber &#8211; 1.Platz<br \/>\u00a0 Kelly Schmidt &#8211; Young Adult Silber &#8211; 2.Platz<br \/>\u00a0 Amelie L\u00f6negren &#8211; Young Adult Silber &#8211; 11.Platz<\/p>\n<p><strong><a href=\"https:\/\/www.tus-wiehl-eiskunstlauf.de\/wiehlpokal\/\"> Seite des Veranstalters<\/a><\/strong><\/p>\n<p>[\/et_pb_text][et_pb_text _builder_version=&#8220;4.22.1&#8243; _module_preset=&#8220;default&#8220; text_line_height=&#8220;1.5em&#8220; header_2_text_color=&#8220;#0C3351&#8243; header_3_text_color=&#8220;#004C7B&#8220; header_3_font_size=&#8220;24px&#8220; header_4_text_color=&#8220;#004C7B&#8220; link_option_url_new_window=&#8220;on&#8220; global_colors_info=&#8220;{}&#8220;]<\/p>\n<h3>Waldstadtpokal<span style=\"text-decoration: underline;\"><\/span><\/h3>\n<h4>Iserlohn, 20.01.2024<span style=\"text-decoration: underline;\"><\/span><\/h4>\n<p><span style=\"font-size: 14px;\">Wir gratulieren Alexane Niesler zum 1.Platz (Young Adult Silber)!<\/span><\/p>\n<p><strong><a href=\"https:\/\/www.eg-iserlohn.de\"> Seite des Veranstalters<\/a><\/strong><\/p>\n<p>[\/et_pb_text][et_pb_text _builder_version=&#8220;4.22.1&#8243; _module_preset=&#8220;default&#8220; text_line_height=&#8220;1.5em&#8220; header_2_text_color=&#8220;#0C3351&#8243; header_3_text_color=&#8220;#004C7B&#8220; header_3_font_size=&#8220;24px&#8220; header_4_text_color=&#8220;#004C7B&#8220; link_option_url_new_window=&#8220;on&#8220; global_colors_info=&#8220;{}&#8220;]<\/p>\n<h3>Offene S\u00e4chsische Meisterschaften<span style=\"text-decoration: underline;\"><\/span><\/h3>\n<h4>Chemnitz, 19.-21.01.2024<span style=\"text-decoration: underline;\"><\/span><\/h4>\n<p><span style=\"font-size: 14px;\">Wir gratulieren Daryna Zimina zum 13.Platz (<span>41.75<\/span> Punkte &#8211; Pre Advanced Novice M\u00e4dchen)!<\/span><\/p>\n<p><strong><a href=\"https:\/\/www.chemnitzer-eislauf-club.de\/events\/ergebnisse\/osm-2024\/\"> Seite des Veranstalters<\/a> <a href=\"https:\/\/www.chemnitzer-eislauf-club.de\/wp-content\/uploads\/ergebnisse\/osm2024\/results\/index.htm\"> Ergebnisse<\/a><\/strong><\/p>\n<p>[\/et_pb_text][et_pb_text _builder_version=&#8220;4.22.1&#8243; _module_preset=&#8220;default&#8220; text_line_height=&#8220;1.5em&#8220; header_2_text_color=&#8220;#0C3351&#8243; header_3_text_color=&#8220;#004C7B&#8220; header_3_font_size=&#8220;24px&#8220; header_4_text_color=&#8220;#004C7B&#8220; link_option_url_new_window=&#8220;on&#8220; global_colors_info=&#8220;{}&#8220;]<\/p>\n<h3 class=\"vc_custom_heading row-title blu-gradient\">Winter World Masters Games 2024<\/h3>\n<h4>Lombardei, 11.-21.01.2024<span style=\"text-decoration: underline;\"><\/span><\/h4>\n<p>Wir gratulieren Heiko Kumkar zum 2.Platz in der Kategorie &#8222;Bronze Men III&#8220; und zum 2. Platz in der Kategorie &#8222;Artistin Bronze Men III&#8220;!<\/p>\n<p><strong><a href=\"https:\/\/wwmglombardia2024.it\/sport\/figure-skating\/\">Seite des Veranstalters<\/a><\/strong><\/p>\n<p>[\/et_pb_text][et_pb_text _builder_version=&#8220;4.22.1&#8243; _module_preset=&#8220;default&#8220; text_line_height=&#8220;1.5em&#8220; header_2_text_color=&#8220;#0C3351&#8243; header_3_text_color=&#8220;#004C7B&#8220; header_3_font_size=&#8220;24px&#8220; header_4_text_color=&#8220;#004C7B&#8220; link_option_url_new_window=&#8220;on&#8220; global_colors_info=&#8220;{}&#8220;]<\/p>\n<h3><span>Lumi\u00e8re Cup<\/span><span style=\"text-decoration: underline;\"><\/span><\/h3>\n<h4>Eindhoven, 11.-14.01.2024<span style=\"text-decoration: underline;\"><\/span><\/h4>\n<p><span style=\"font-size: 14px;\">Wir gratulieren unserem Synchroneiskunstlauf Team, den Rising Roses, zum 1. Platz (<span>57.97 Punkte<\/span>) in der Kategorie &#8218;Mixed Age&#8216;!<\/span><\/p>\n<p><strong><a href=\"https:\/\/lumierecup.com\">Seite des Veranstalters <\/a><a href=\"https:\/\/results.vistream.com.pl\/FS\/2324\/ILC2024\/\">Ergebnisse<\/a> <\/strong><\/p>\n<p>[\/et_pb_text][et_pb_text _builder_version=&#8220;4.22.1&#8243; _module_preset=&#8220;default&#8220; text_line_height=&#8220;1.5em&#8220; header_2_text_color=&#8220;#0C3351&#8243; header_3_text_color=&#8220;#004C7B&#8220; header_3_font_size=&#8220;24px&#8220; header_4_text_color=&#8220;#004C7B&#8220; link_option_url_new_window=&#8220;on&#8220; global_colors_info=&#8220;{}&#8220;]<\/p>\n<h3>Deutsche Jugendmeisterschaften 2024<span style=\"text-decoration: underline;\"><\/span><\/h3>\n<h4>Chemnitz, 12.-13.01.2024<span style=\"text-decoration: underline;\"><\/span><\/h4>\n<p><span style=\"font-size: 14px;\">Wir gratulieren unserer L\u00e4uferin Maja Gaus zum 5.Platz (<span>93.53 Punkte<\/span>) bei den Deutschen Jugendmeisterschaften!<\/span><\/p>\n<p><strong><a href=\"https:\/\/www.chemnitzer-eislauf-club.de\/wp-content\/uploads\/ergebnisse\/djum2024\/results\/index.htm\">Ergebnisse<\/a><\/strong><\/p>\n<p>[\/et_pb_text][et_pb_text _builder_version=&#8220;4.22.1&#8243; _module_preset=&#8220;default&#8220; text_line_height=&#8220;1.5em&#8220; header_2_text_color=&#8220;#0C3351&#8243; header_3_text_color=&#8220;#004C7B&#8220; header_3_font_size=&#8220;24px&#8220; header_4_text_color=&#8220;#004C7B&#8220; link_option_url_new_window=&#8220;on&#8220; global_colors_info=&#8220;{}&#8220;]<\/p>\n<h3>Klassenlaufen \u00a0<span style=\"text-decoration: underline;\"><\/span><\/h3>\n<h4>Neuss, 12.01.2024<span style=\"text-decoration: underline;\"><\/span><\/h4>\n<p>Wir gratulieren Annika zur bestandenen Klassenlauf-Pr\u00fcfung.<\/p>\n<p>Herzlichen Gl\u00fcckwunsch!<\/p>\n<p><strong><a href=\"http:\/\/deu-event.de\/results\/dnm2024\/\"><\/a><\/strong><\/p>\n<p>[\/et_pb_text][et_pb_text _builder_version=&#8220;4.22.1&#8243; _module_preset=&#8220;default&#8220; text_line_height=&#8220;1.5em&#8220; header_2_text_color=&#8220;#0C3351&#8243; header_3_text_color=&#8220;#004C7B&#8220; header_3_font_size=&#8220;24px&#8220; header_4_text_color=&#8220;#004C7B&#8220; link_option_url_new_window=&#8220;on&#8220; global_colors_info=&#8220;{}&#8220;]<\/p>\n<h3>Deutsche Meisterschaften 2024<span style=\"text-decoration: underline;\"><\/span><\/h3>\n<h4>Berlin, 14.-16.12.2023<span style=\"text-decoration: underline;\"><\/span><span style=\"text-decoration: underline;\"><\/span><\/h4>\n<p><span style=\"font-size: 14px;\">Wir gratulieren unserem Eistanzpaar Enik\u00f6 und Zoard Kobor zum 1. Platz (114.91 Punke) in der Kategorie Advanced Novice Eistanz!<\/span><\/p>\n<p><strong><a href=\"http:\/\/deu-event.de\/results\/dnm2024\/\"> Ergebnisse<\/a><\/strong><\/p>\n<p>[\/et_pb_text][et_pb_text _builder_version=&#8220;4.22.1&#8243; _module_preset=&#8220;default&#8220; text_line_height=&#8220;1.5em&#8220; header_2_text_color=&#8220;#0C3351&#8243; header_3_text_color=&#8220;#004C7B&#8220; header_3_font_size=&#8220;24px&#8220; header_4_text_color=&#8220;#004C7B&#8220; link_option_url_new_window=&#8220;on&#8220; global_colors_info=&#8220;{}&#8220;]<\/p>\n<h3>Deutsche Nachwuchs- und Juniorenmeisterschaften 2024<span style=\"text-decoration: underline;\"><\/span><\/h3>\n<h4>Dortmund, 08.-10.12.2023<span style=\"text-decoration: underline;\"><\/span><span style=\"text-decoration: underline;\"><\/span><\/h4>\n<p><span style=\"font-size: 14px;\">Wir gratulieren Ruslan Danilin zum 9.Platz (61.79 Punkte &#8211; Advanced Novice Boys)!<\/span><\/p>\n<p><strong><a href=\"http:\/\/deu-event.de\/results\/dnm2024\/\"> Ergebnisse<\/a><\/strong><\/p>\n<p>[\/et_pb_text][et_pb_text _builder_version=&#8220;4.22.1&#8243; _module_preset=&#8220;default&#8220; text_line_height=&#8220;1.5em&#8220; header_2_text_color=&#8220;#0C3351&#8243; header_3_text_color=&#8220;#004C7B&#8220; header_3_font_size=&#8220;24px&#8220; header_4_text_color=&#8220;#004C7B&#8220; link_option_url_new_window=&#8220;on&#8220; global_colors_info=&#8220;{}&#8220;]<\/p>\n<h3>Nikolaus Pokal 2023<span style=\"text-decoration: underline;\"><\/span><\/h3>\n<h4>Soest, 02.12.2023<span style=\"text-decoration: underline;\"><\/span><span style=\"text-decoration: underline;\"><\/span><\/h4>\n<p><span style=\"font-size: 14px;\">Wir gratulieren unseren L\u00e4uferInnen zu ihren Platzierungen:<\/span><\/p>\n<p>Filip Landwehrmann &#8211; Freil\u00e4ufer A &#8211; 2. Platz<br \/>Amalia Volz &#8211; Freil\u00e4ufer A &#8211; 9. Platz<br \/>Friederike Volz &#8211; Freil\u00e4ufer A &#8211; 10. Platz<\/p>\n<p>Aki Ito &#8211; Figurenl\u00e4ufer A &#8211; 5. Platz<br \/>Valentina Giring &#8211; Figurenl\u00e4ufer A &#8211; 8. Platz<br \/>Yeva Dehtiarova &#8211; Figurenl\u00e4ufer A &#8211; 9. Platz<br \/>Maya Hesaki &#8211; Figurenl\u00e4ufer A &#8211; 11. Platz<\/p>\n<p>Anne Walther &#8211; Figurenl\u00e4ufer B &#8211; 4. Platz<br \/>Carla Raschke &#8211; Figurenl\u00e4ufer B &#8211; 9. Platz<\/p>\n<p>Alina Riabko &#8211; Anw\u00e4rter &#8211; 4. Platz<br \/>Kateryna Kashyna &#8211; Anw\u00e4rter &#8211; 6. Platz<br \/>Lisa Wesner &#8211; Anw\u00e4rter &#8211; 11. Platz<br \/>Charlotte Janaszek &#8211; Anw\u00e4rter &#8211; 16. Platz<\/p>\n<p>Tim Landwehrmann &#8211; Anw\u00e4rter Jungen &#8211; 1. Platz<\/p>\n<p>Alexane Niesler &#8211; Young Adult Silber &#8211; 1. Platz<br \/>Kelly Schmidt &#8211; Young Adult Silber &#8211; 3. Platz\u00a0<br \/>Lily Asselborn &#8211; Young Adult Silber &#8211; 9. Platz<\/p>\n<p><strong><a href=\"https:\/\/lev-nrw.org\/docs\/event\/2301\/index.htm\"> Startreihenfolge<\/a><\/strong><\/p>\n<p>[\/et_pb_text][et_pb_text _builder_version=&#8220;4.22.1&#8243; _module_preset=&#8220;default&#8220; text_line_height=&#8220;1.5em&#8220; header_2_text_color=&#8220;#0C3351&#8243; header_3_text_color=&#8220;#004C7B&#8220; header_3_font_size=&#8220;24px&#8220; header_4_text_color=&#8220;#004C7B&#8220; link_option_url_new_window=&#8220;on&#8220; global_colors_info=&#8220;{}&#8220;]<\/p>\n<h3>Diezer Lahn Pokal 2023<span style=\"text-decoration: underline;\"><\/span><\/h3>\n<h4>Diez, 24.-25.11.2023<span style=\"text-decoration: underline;\"><\/span><span style=\"text-decoration: underline;\"><\/span><\/h4>\n<p><span style=\"font-size: 14px;\">Wir gratulieren unseren L\u00e4uferInnen zu ihren Platzierungen:<\/span><\/p>\n<p>Heiko Kumkar &#8211; Adult Bronze A &#8211; 2.Platz<span style=\"font-size: 14px;\"><\/span><\/p>\n<p>Lena Galle\/ Audrey Stoskus &#8211; Show Duo &#8211; 2.Platz<span style=\"font-size: 14px;\"><\/span><span style=\"font-size: 14px;\"><\/span><strong><\/strong><\/p>\n<p><strong><\/strong><\/p>\n<p><strong><a href=\"https:\/\/www.erc-diez.com\/eiskunstlauf\/diezer-lahn-pokal-2022\/\">\u00a0Veranstaltungsseite (Zeitplan\/ Teilnehmerliste\/ etc.)<\/a><\/strong><\/p>\n<p>[\/et_pb_text][et_pb_text _builder_version=&#8220;4.22.1&#8243; _module_preset=&#8220;default&#8220; text_line_height=&#8220;1.5em&#8220; header_2_text_color=&#8220;#0C3351&#8243; header_3_text_color=&#8220;#004C7B&#8220; header_3_font_size=&#8220;24px&#8220; header_4_text_color=&#8220;#004C7B&#8220; link_option_url_new_window=&#8220;on&#8220; global_colors_info=&#8220;{}&#8220;]<\/p>\n<h3>Offene Thh\u00fcringer Meisterschaften 2023<span style=\"text-decoration: underline;\"><\/span><\/h3>\n<h4>Erfurt, 17.-19.11.2023<span style=\"text-decoration: underline;\"><\/span><span style=\"text-decoration: underline;\"><\/span><\/h4>\n<p><span style=\"font-size: 14px;\">Wir gratulieren unseren L\u00e4uferInnen zu ihren Platzierungen:<\/span><\/p>\n<p><span style=\"font-size: 14px;\">Daryna Zimina &#8211; Pre Advanced Novice &#8211; 8.Platz<\/span><\/p>\n<p><span style=\"font-size: 14px;\">Sophie Eberle &#8211; Advanced Novice M\u00e4dchen &#8211; 11.Platz<\/span><\/span><br \/>\n<span style=\"font-size: 14px;\">Charlize Kyrychenko &#8211; Advanced Novice M\u00e4dchen &#8211; 14.Platz<\/span><\/span><\/p>\n<p><span style=\"font-size: 14px;\">Ruslan Danilin &#8211; Advanced Novice Jungen &#8211; 2.Platz<\/span><\/p>\n<p><span style=\"font-size: 14px;\">Maja Gaus &#8211; Jugend Damen &#8211; 3.Platz<\/span><\/p>\n<p><strong><a href=\"https:\/\/eiskunstlauf-erfurt.de\/OTM_2023\/index.htm\">\u00a0Ergebnisse<\/a><\/strong>[\/et_pb_text][et_pb_text _builder_version=&#8220;4.22.1&#8243; _module_preset=&#8220;default&#8220; text_line_height=&#8220;1.5em&#8220; header_2_text_color=&#8220;#0C3351&#8243; header_3_text_color=&#8220;#004C7B&#8220; header_3_font_size=&#8220;24px&#8220; header_4_text_color=&#8220;#004C7B&#8220; link_option_url_new_window=&#8220;on&#8220; global_colors_info=&#8220;{}&#8220;]<\/p>\n<h3>NRW Trophy 2023<span style=\"text-decoration: underline;\"><\/span><\/h3>\n<h4>Dortmund, 16.-19.11.2023<span style=\"text-decoration: underline;\"><\/span><span style=\"text-decoration: underline;\"><\/span><\/h4>\n<p><span style=\"font-size: 14px;\">Wir gratulieren unserem Eistanzpaar Enik\u00f6 &amp; Zoard Kobor zum 2. Platz (<span>118.06 Punkte<\/span>)!<\/span><\/p>\n<p><strong><a href=\"https:\/\/lev-nrw.org\/docs\/event\/2284\/html\/index.htm\">\u00a0Veranstaltungsseite (Livestream\/ Zeitplan\/ Startreihenfolge\/ etc.)<\/a><\/strong><\/p>\n<p><strong><a href=\"https:\/\/www.lev-nrw.org\/index.php?nav=162\">\u00a0Ergebnisse<\/a><\/strong><\/p>\n<p>[\/et_pb_text][et_pb_text _builder_version=&#8220;4.22.1&#8243; _module_preset=&#8220;default&#8220; text_line_height=&#8220;1.5em&#8220; header_2_text_color=&#8220;#0C3351&#8243; header_3_text_color=&#8220;#004C7B&#8220; header_3_font_size=&#8220;24px&#8220; header_4_text_color=&#8220;#004C7B&#8220; link_option_url_new_window=&#8220;on&#8220; global_colors_info=&#8220;{}&#8220;]<\/p>\n<h3>Pavel Roman Memorial<\/h3>\n<h4><span>Olomouc \/ CZE<\/span>, 10.-12.11.2023<span style=\"text-decoration: underline;\"><\/span><span style=\"text-decoration: underline;\"><\/span><\/h4>\n<p><span style=\"font-size: 14px;\">Wir gratulieren unserem Eistanzpaar Enik\u00f6 &amp; Zoard Kobor zum 3. Platz (<span>112.41 Punkte<\/span>)!<\/span><\/p>\n<p><strong><a href=\"https:\/\/www.czechskating.org\/files\/calendar\/3653\/vysledky\/index.htm\">Ergebnisse<\/a><\/strong><\/p>\n<p>[\/et_pb_text][et_pb_text _builder_version=&#8220;4.22.1&#8243; _module_preset=&#8220;default&#8220; text_line_height=&#8220;1.5em&#8220; header_2_text_color=&#8220;#0C3351&#8243; header_3_text_color=&#8220;#004C7B&#8220; header_3_font_size=&#8220;24px&#8220; header_4_text_color=&#8220;#004C7B&#8220; link_option_url_new_window=&#8220;on&#8220; global_colors_info=&#8220;{}&#8220;]<\/p>\n<h3>Niederrheinpokal 2023<span style=\"text-decoration: underline;\"><\/span><\/h3>\n<h4>Dinslaken, 12.11.2023<span style=\"text-decoration: underline;\"><\/span><span style=\"text-decoration: underline;\"><\/span><\/h4>\n<p><span style=\"font-size: 14px;\">Wir gratulieren unseren L\u00e4uferInnen zu ihren Platzierungen:<\/span><\/p>\n<p><span style=\"font-size: 14px;\">Lily Laudahn &#8211; Minis B &#8211; 2.Platz<\/span><\/p>\n<p>Per Marten Volz &#8211; Eisl\u00e4ufer B &#8211; 14.Platz<\/p>\n<p>Amalia Volz &#8211; Freil\u00e4ufer A &#8211; 13. Platz<br \/>Veronique Gruber &#8211; Freil\u00e4ufer A &#8211; 12. Platz<\/p>\n<p>Friederike Volz &#8211; Freil\u00e4ufer B &#8211; 9. Platz<\/p>\n<p>Filip Landwehrmann &#8211; Freil\u00e4ufer Jungen &#8211; 3. Platz<\/p>\n<p>Yeva Dehtiarova &#8211; Figurenl\u00e4ufer A &#8211; 3. Platz<br \/>Sarah Harder &#8211; Figurenl\u00e4ufer A &#8211; 8. Platz<br \/>Maya Hesaki &#8211; Figurenl\u00e4ufer A &#8211; 10. Platz<br \/>Aki Ito &#8211; Figurenl\u00e4ufer A &#8211; 12. Platz<\/p>\n<p>Anne Walther &#8211; Figurenl\u00e4ufer B &#8211; 6. Platz<\/p>\n<p>Julia Peng &#8211; Figurenl\u00e4ufer C &#8211; 10. Platz<br \/>Isabelle Gruber &#8211; Figurenl\u00e4ufer C &#8211; 12. Platz<\/p>\n<p>Laura Harder &#8211; Kunstl\u00e4ufer &#8211; 10. Platz<\/p>\n<p>Charlotte Janaszek &#8211; Anw\u00e4rter &#8211; 1. Platz<br \/>Lisa Wesner &#8211; Anw\u00e4rter &#8211; 12. Platz<br \/>Alina Riabko &#8211; Anw\u00e4rter &#8211; 14. Platz<br \/>Kateryna Kashyna &#8211; Anw\u00e4rter &#8211; 16. Platz<\/p>\n<p>Tim Landwehrmann &#8211; Anw\u00e4rter Jungen &#8211; 1. Platz<\/p>\n<p>Noemi Ludwig &#8211; Neulinge &#8211; 5. Platz<br \/>Charlotte Gey &#8211; Neulinge &#8211; 6. Platz<br \/>Anastassia Filippov &#8211; Neulinge &#8211; 7. Platz<br \/>Meliha Ouayd &#8211; Neulinge &#8211; 12. Platz<\/p>\n<p>Alexane Niesler &#8211; Young Adult Silber &#8211; 1. Platz<br \/>Kelly Schmidt &#8211; Young Adult Silber &#8211; 3. Platz\u00a0<br \/>Amelie L\u00f6negren &#8211; Young Adult Silber &#8211; 14. Platz<\/p>\n<p>Maren Pullwitt &#8211; Adult Pre-Bronze &#8211; 1. Platz<\/p>\n<p>Heiko Kumkar &#8211; Adult Bronze &#8211; 3. Platz<\/p>\n<p><strong><a href=\"https:\/\/lev-nrw.org\/docs\/event\/2334\/html\/index.htm\">Ergebnisse<\/a><\/strong><\/p>\n<p>[\/et_pb_text][et_pb_text _builder_version=&#8220;4.22.1&#8243; _module_preset=&#8220;default&#8220; text_line_height=&#8220;1.5em&#8220; header_2_text_color=&#8220;#0C3351&#8243; header_3_text_color=&#8220;#004C7B&#8220; header_3_font_size=&#8220;24px&#8220; header_4_text_color=&#8220;#004C7B&#8220; link_option_url_new_window=&#8220;on&#8220; global_colors_info=&#8220;{}&#8220;]<\/p>\n<h3>Westfalen Cup 2023<span style=\"text-decoration: underline;\"><\/span><\/h3>\n<h4>Dortmund, 26.-29.10.2023<span style=\"text-decoration: underline;\"><\/span><span style=\"text-decoration: underline;\"><\/span><\/h4>\n<p><span style=\"font-size: 14px;\">Wir gratulieren unseren L\u00e4uferInnen zu ihren Platzierungen:<\/span><\/p>\n<p>Amalia Volz &#8211; Freil\u00e4ufer A &#8211; 4. Platz<br \/>Veronique Gruber &#8211; Freil\u00e4ufer A &#8211; 11. Platz<\/p>\n<p>Friederike Volz &#8211; Freil\u00e4ufer B &#8211; 17. Platz<\/p>\n<p>Filip Landwehrmann &#8211; Freil\u00e4ufer Jungen &#8211; 1. Platz<\/p>\n<p>Valentina Giring &#8211; Figurenl\u00e4ufer A &#8211; 11. Platz<br \/>Yeva Dehtiarova &#8211; Figurenl\u00e4ufer A &#8211; 15. Platz<br \/>Arina Sapasnik &#8211; Figurenl\u00e4ufer A &#8211; 17. Platz<\/p>\n<p>Isabelle Gruber &#8211; Figurenl\u00e4ufer B &#8211; 21. Platz<\/p>\n<p>Laura Harder &#8211; Kunstl\u00e4ufer &#8211; 19. Platz<\/p>\n<p>Alina Riabko &#8211; Anw\u00e4rter A &#8211; 16. Platz<\/p>\n<p>Lisa Wesner &#8211; Anw\u00e4rter B &#8211; 2. Platz<br \/>Charlotte Janaszek &#8211; Anw\u00e4rter B &#8211; 3. Platz<br \/>Kateryna Kashyna &#8211; Anw\u00e4rter B &#8211; 10. Platz<\/p>\n<p>Tim Landwehrmann &#8211; Anw\u00e4rter Jungen &#8211; 1. Platz<\/p>\n<p>Noemi Ludwig &#8211; Neulinge &#8211; 10. Platz<br \/>Meliha Ouayd &#8211; Neulinge &#8211; 13. Platz<br \/>Anastassia Filippov &#8211; Neulinge &#8211; 14. Platz<br \/>Charlotte Gey &#8211; Neulinge &#8211; 24. Platz<\/p>\n<p>Arina Kochkina &#8211; Pre-Advanced Novice M\u00e4dchen &#8211; 16. Platz<\/p>\n<p>Sophie Eberle &#8211; Advanced Novice M\u00e4dchen A &#8211; 20. Platz<br \/>Charlize Kyrychenko &#8211; Advanced Novice M\u00e4dchen A &#8211; 23. Platz<\/p>\n<p><span style=\"font-size: 14px;\">Dora Yang &#8211; Advanced Novice M\u00e4dchen B &#8211; 17. Platz<\/span><\/p>\n<p>Ruslan Danilin &#8211; Advanced Novice Jungen &#8211; 7. Platz<\/p>\n<p>Maja Gaus &#8211; Jugend Damen &#8211; 1. Platz<\/p>\n<p>Enik\u00f6 Kobor &amp; Zoard Kobor &#8211; Advanced Novice Eistanz &#8211; 1. Platz<\/p>\n<p><strong><a href=\"https:\/\/www.lev-nrw.org\/index.php?nav=163\">Veranstaltungsseite (Zeitplan\/Startreihenfolge\/etc)<\/a><\/strong><\/p>\n<p>[\/et_pb_text][et_pb_text _builder_version=&#8220;4.22.1&#8243; _module_preset=&#8220;default&#8220; text_line_height=&#8220;1.5em&#8220; header_2_text_color=&#8220;#0C3351&#8243; header_3_text_color=&#8220;#004C7B&#8220; header_3_font_size=&#8220;24px&#8220; header_4_text_color=&#8220;#004C7B&#8220; link_option_url_new_window=&#8220;on&#8220; global_colors_info=&#8220;{}&#8220;]<\/p>\n<h3>Ruhr Cup 2023<span style=\"text-decoration: underline;\"><\/span><\/h3>\n<h4>Essen, 14.10.2023<span style=\"text-decoration: underline;\"><\/span><span style=\"text-decoration: underline;\"><\/span><\/h4>\n<p><span style=\"font-size: 14px;\">Wir gratulieren unseren L\u00e4uferInnen zu ihren Platzierungen:<\/span><\/p>\n<p>Daryna Zimina &#8211; Pre-Advanced Novice M\u00e4dchen &#8211; 5.Platz<\/p>\n<p>Dora Yang &#8211; Advanced Novice M\u00e4dchen &#8211; 15.Platz<br \/>\nSophie Eberle &#8211; Advanced Novice M\u00e4dchen &#8211; 18.Platz<br \/>\nCharlize Kyrychenko &#8211; Advanced Novice M\u00e4dchen- 19.Platz<\/p>\n<p>Ruslan Danilin &#8211; Advanced Novice Jungen &#8211; 3.Platz<\/p>\n<p><strong><a href=\"https:\/\/lev-nrw.org\/docs\/event\/2286\/html\/index.htm\">Ergebnisse<\/a><\/strong>[\/et_pb_text][et_pb_text _builder_version=&#8220;4.21.0&#8243; _module_preset=&#8220;default&#8220; text_line_height=&#8220;1.5em&#8220; header_2_text_color=&#8220;#0C3351&#8243; header_3_text_color=&#8220;#004C7B&#8220; header_3_font_size=&#8220;24px&#8220; header_4_text_color=&#8220;#004C7B&#8220; link_option_url_new_window=&#8220;on&#8220; global_colors_info=&#8220;{}&#8220;]<\/p>\n<h3>ISU Adult Figure Skating Competition 2023<span style=\"text-decoration: underline;\"><\/span><\/h3>\n<h4>Oberstdorf, 15.-20.05.2023<span style=\"text-decoration: underline;\"><\/span><span style=\"text-decoration: underline;\"><\/span><\/h4>\n<p><span style=\"font-size: 14px;\">Wir gratulieren unseren L\u00e4uferInnen zu ihren Platzierungen:<\/span><\/p>\n<p>\u00a0 \u00a0Heiko Kumkar &#8211; Bronze Men III + IV Free Skating &#8211; 2.Platz<\/p>\n<p>\u00a0 \u00a0Nicole Brandt &#8211; Bronze Women III A Free Skating &#8211; 15.Platz<\/p>\n<p>\u00a0 \u00a0Heiko Kumkar &#8211; Bronze Men III Artistic Free Skating &#8211; 3.Platz<\/p>\n<p>\u00a0 \u00a0Kirsten Steprath &#8211; Gold Women I Artistic Free Skating &#8211; 10.Platz<\/p>\n<p>\u00a0 \u00a0Kirsten Steprath &amp; Klaus Fietkau (SCK) &#8211; Ice Dance Gold Pattern Dance &#8211; 1.Platz<\/p>\n<p><strong><a href=\"http:\/\/www.deu-event.de\/results\/adult2023\/\">Ergebnisse<\/a><\/strong><\/p>\n<p>[\/et_pb_text][et_pb_text _builder_version=&#8220;4.18.0&#8243; _module_preset=&#8220;default&#8220; text_line_height=&#8220;1.5em&#8220; header_2_text_color=&#8220;#0C3351&#8243; header_3_text_color=&#8220;#004C7B&#8220; header_3_font_size=&#8220;24px&#8220; header_4_text_color=&#8220;#004C7B&#8220; link_option_url_new_window=&#8220;on&#8220; global_colors_info=&#8220;{}&#8220;]<\/p>\n<h3>Klassenlaufen Dortmund<\/h3>\n<h4>Dortmund, 27.04.2023<span style=\"text-decoration: underline;\"><\/span><span style=\"text-decoration: underline;\"><\/span><\/h4>\n<p>Wir gratulieren Kateryna, Charlize, Enik\u00f6 und Zoard <span style=\"font-size: 14px;\">zu ihren bestandenen Klassenlaufpr\u00fcfungen!<\/span><\/p>\n<p>[\/et_pb_text][et_pb_text _builder_version=&#8220;4.20.4&#8243; _module_preset=&#8220;default&#8220; text_line_height=&#8220;1.5em&#8220; header_2_text_color=&#8220;#0C3351&#8243; header_3_text_color=&#8220;#004C7B&#8220; header_3_font_size=&#8220;24px&#8220; header_4_text_color=&#8220;#004C7B&#8220; link_option_url_new_window=&#8220;on&#8220; global_colors_info=&#8220;{}&#8220;]<\/p>\n<h3>Kristalcup\u00a0Ghent (Belgien), 23.04.2023<span style=\"text-decoration: underline;\"><\/span><\/h3>\n<p><span style=\"font-size: 14px;\">Wir gratulieren unserem L\u00e4ufer zu seiner Platzierung:<\/span><\/p>\n<p>\u00a0 \u00a0Heiko Vogel &#8211; Solo BRONZE Men Class III Free Skating &#8211; 1.Platz<\/p>\n<p>\u00a0 \u00a0Heiko Vogel &#8211; Solo BRONZE Men Class III Artistic Free Skating &#8211; 1.Platz<\/p>\n<p><a href=\"https:\/\/www.youtube.com\/watch?v=JbNU3HgSDTY\" _blank=\"\" rel=\"noopener\">Free Skating:<\/a><strong><a href=\"https:\/\/www.youtube.com\/watch?v=JbNU3HgSDTY\" _blank=\"\" rel=\"noopener\"> Youtube-Link\/ <\/a><a href=\"https:\/\/live.web.vlaanderen\/kcfs2023.html\" _blank=\"\" rel=\"noopener\">Ergebnisse<\/a><\/strong><\/p>\n<p>Artistic<a href=\"https:\/\/www.youtube.com\/watch?v=JPONMHnivps\" _blank=\"\" rel=\"noopener\">\u00a0Free Skating: <\/a><strong><a href=\"https:\/\/www.youtube.com\/watch?v=JPONMHnivps\" _blank=\"\" rel=\"noopener\">Youtube-Link\/ <\/a><a href=\"https:\/\/live.web.vlaanderen\/kcafs2023.html\" _blank=\"\" rel=\"noopener\">Ergebnisse<\/a><\/strong><\/p>\n<p>[\/et_pb_text][et_pb_text _builder_version=&#8220;4.20.4&#8243; _module_preset=&#8220;default&#8220; text_line_height=&#8220;1.5em&#8220; header_2_text_color=&#8220;#0C3351&#8243; header_3_text_color=&#8220;#004C7B&#8220; header_3_font_size=&#8220;24px&#8220; header_4_text_color=&#8220;#004C7B&#8220; link_option_url_new_window=&#8220;on&#8220; global_colors_info=&#8220;{}&#8220;]<\/p>\n<h3>Ice Crystal Trophy<\/h3>\n<h4>Ghent (Belgien), 22.04.2023<span style=\"text-decoration: underline;\"><\/span><span style=\"text-decoration: underline;\"><\/span><\/h4>\n<p><span style=\"font-size: 14px;\">Wir gratulieren unserem Synchroneiskunstlauf-Team, den Rising Roses, zu ihrer hervorragenden Platzierung:<\/span><\/p>\n<p>\u00a0 \u00a0Rising Roses &#8211; Mixed Age &#8211; 1.Platz<\/p>\n<p><strong><a href=\"https:\/\/www.youtube.com\/watch?v=sn6FdQ0p2Fk&amp;themeRefresh=1\" _blank=\"\" rel=\"noopener\">Youtube-Link\/ <\/a><a href=\"https:\/\/live.web.vlaanderen\/ict2023.html\" _blank=\"\" rel=\"noopener\">Ergebnisse<\/a><\/strong><\/p>\n<p>[\/et_pb_text][et_pb_text _builder_version=&#8220;4.18.0&#8243; _module_preset=&#8220;default&#8220; text_line_height=&#8220;1.5em&#8220; header_2_text_color=&#8220;#0C3351&#8243; header_3_text_color=&#8220;#004C7B&#8220; header_3_font_size=&#8220;24px&#8220; header_4_text_color=&#8220;#004C7B&#8220; link_option_url_new_window=&#8220;on&#8220; global_colors_info=&#8220;{}&#8220;]<\/p>\n<h3>Klassenlaufen Krefeld<\/h3>\n<h4>Krefeld, 20.03.2023<span style=\"text-decoration: underline;\"><\/span><span style=\"text-decoration: underline;\"><\/span><\/h4>\n<p>Wir gratulieren Kelly zur bestandenen Klassenlaufpr\u00fcfung!<\/p>\n<p>[\/et_pb_text][et_pb_text _builder_version=&#8220;4.18.0&#8243; _module_preset=&#8220;default&#8220; text_line_height=&#8220;1.5em&#8220; header_2_text_color=&#8220;#0C3351&#8243; header_3_text_color=&#8220;#004C7B&#8220; header_3_font_size=&#8220;24px&#8220; header_4_text_color=&#8220;#004C7B&#8220; link_option_url_new_window=&#8220;on&#8220; global_colors_info=&#8220;{}&#8220;]<\/p>\n<h3>Bitburger-Pokal<\/h3>\n<h4>Bitburg, 18.-19.03.2023<span style=\"text-decoration: underline;\"><\/span><span style=\"text-decoration: underline;\"><\/span><\/h4>\n<p>Wir gratulieren unserem L\u00e4ufer zu seiner Platzierung:<\/p>\n<p>\u00a0 \u00a0Heiko Vogel &#8211; Adult Bronze &#8211; 9.Platz<\/p>\n<p><strong><a href=\"https:\/\/www.lev-nrw.org\/index.php?action=102&amp;e=2296\" _blank=\"\" rel=\"noopener\">Meldeliste<\/a><\/strong><\/p>\n<p>[\/et_pb_text][et_pb_text _builder_version=&#8220;4.18.0&#8243; _module_preset=&#8220;default&#8220; text_line_height=&#8220;1.5em&#8220; header_2_text_color=&#8220;#0C3351&#8243; header_3_text_color=&#8220;#004C7B&#8220; header_3_font_size=&#8220;24px&#8220; header_4_text_color=&#8220;#004C7B&#8220; link_option_url_new_window=&#8220;on&#8220; global_colors_info=&#8220;{}&#8220;]<\/p>\n<h3>Bavaria Cup<\/h3>\n<h4>H\u00f6chstadt, 18.03.2023<span style=\"text-decoration: underline;\"><\/span><span style=\"text-decoration: underline;\"><\/span><\/h4>\n<p><span style=\"font-size: 14px;\">Wir gratulieren unserem Synchroneiskunstlauf-Team, den Rising Roses, zu ihrer Platzierung:<\/span><\/p>\n<p>Rising Roses &#8211; Mixed Age &#8211; 2.Platz<\/p>\n<p><img decoding=\"async\" loading=\"lazy\" src=\"https:\/\/deg-eiskunstlauf-ev.de\/cms\/wp-content\/uploads\/2023\/03\/Rising-Roses-Bavaria-Cup-2023-Pokal-225x300.jpg\" width=\"225\" height=\"300\" alt=\"\" class=\"wp-image-2402 alignnone size-medium\" \/><\/p>\n<p><strong><a href=\"https:\/\/bavariacup.eu\" _blank=\"\" rel=\"noopener\">Info&#8217;s<\/a><\/strong><\/p>\n<p>[\/et_pb_text][et_pb_text _builder_version=&#8220;4.18.0&#8243; _module_preset=&#8220;default&#8220; text_line_height=&#8220;1.5em&#8220; header_2_text_color=&#8220;#0C3351&#8243; header_3_text_color=&#8220;#004C7B&#8220; header_3_font_size=&#8220;24px&#8220; header_4_text_color=&#8220;#004C7B&#8220; link_option_url_new_window=&#8220;on&#8220; global_colors_info=&#8220;{}&#8220;]<\/p>\n<h3>Deutschlandpokal<\/h3>\n<h4>Dortmund, 16.-19.03.2023<span style=\"text-decoration: underline;\"><\/span><span style=\"text-decoration: underline;\"><\/span><\/h4>\n<p>Wir gratulieren unseren L\u00e4uferInnen zu ihren Platzierungen:<\/p>\n<p>\u00a0 Ruslan Danilin &#8211; Pre-Novice Jungen &#8211; 4.Platz<\/p>\n<p>\u00a0 Maja Gaus &#8211; Advanced Novice &#8211; 11.Platz<br \/>\u00a0 Dora Yang &#8211; Advanced Novice &#8211; 20.Platz<\/p>\n<p>\u00a0 Enik\u00f6 Kobor &amp; Zoard Kobor &#8211; Advanced Novice Eistanz &#8211; 1.Platz<\/p>\n<p><strong><a href=\"https:\/\/www.eislauf-union.de\/de\/events\/deutschlandpokal\" _blank=\"\" rel=\"noopener\">Info&#8217;s\/Meldeliste\/Zeitplan\/Livestream<\/a><\/strong><\/p>\n<p>[\/et_pb_text][et_pb_text _builder_version=&#8220;4.18.0&#8243; _module_preset=&#8220;default&#8220; text_line_height=&#8220;1.5em&#8220; header_2_text_color=&#8220;#0C3351&#8243; header_3_text_color=&#8220;#004C7B&#8220; header_3_font_size=&#8220;24px&#8220; header_4_text_color=&#8220;#004C7B&#8220; link_option_url_new_window=&#8220;on&#8220; global_colors_info=&#8220;{}&#8220;]<\/p>\n<h3>Dom Pokal<\/h3>\n<h4>K\u00f6ln, 10.-11.03.2023<span style=\"text-decoration: underline;\"><\/span><span style=\"text-decoration: underline;\"><\/span><\/h4>\n<p>Wir gratulieren unseren L\u00e4uferInnen zu ihren Platzierungen:<\/p>\n<p>\u00a0 Sarah Harder &#8211; Freil\u00e4ufer 1A &#8211; 5.Platz<br \/>\u00a0 Aki Ito &#8211; Freil\u00e4ufer 1A &#8211; 12.Platz<\/p>\n<p>\u00a0 Lukas Horrix &#8211; Freil\u00e4ufer 1 Jungen &#8211; 1.Platz<\/p>\n<p>\u00a0 Yeva\u00a0Dehtiarova\u00a0&#8211; Freil\u00e4ufer 2A &#8211; 4.Platz<br \/>\u00a0 Maya Hesaki &#8211; Freil\u00e4ufer 2A &#8211; 4.Platz<br \/>\u00a0 Taisia Walger &#8211; Freil\u00e4ufer 2A &#8211; 7.Platz<br \/>\u00a0 Vanessa Scheinin &#8211; Freil\u00e4ufer 2A &#8211; 10.Platz<\/p>\n<p>\u00a0 Valentina Giring &#8211; Figurenl\u00e4ufer 1A &#8211; 14.Platz<\/p>\n<p>\u00a0 Anne Walther\u00a0&#8211; Figurenl\u00e4ufer 1B &#8211; 15.Platz<\/p>\n<p>\u00a0 Kelly Schmidt &#8211; Figurenl\u00e4ufer 2 &#8211; 1.Platz<br \/>\u00a0 Amelie L\u00f6negren &#8211; Figurenl\u00e4ufer 2 &#8211; 5.Platz<br \/>\u00a0 Alexandra Grot &#8211; Figurenl\u00e4ufer 2 &#8211; 8.Platz<\/p>\n<p>\u00a0 Laura Harder &#8211; Kunstl\u00e4ufer A &#8211; 7.Platz<br \/>\u00a0 Kseniia Sylkova &#8211; Kunstl\u00e4ufer A &#8211; 3.Platz<\/p>\n<p>\u00a0 Kateryna Kashyna &#8211; Kunstl\u00e4ufer B &#8211; 2.Platz<br \/>\u00a0 Julia Peng &#8211; Kunstl\u00e4ufer B &#8211; 13.Platz<\/p>\n<p>\u00a0 Alexane Niesler &#8211; Kunstl\u00e4ufer C &#8211; 2.Platz<br \/>\u00a0 Tabea Zader &#8211; Kunstl\u00e4ufer C &#8211; 12.Platz<\/p>\n<p>\u00a0 Anastassia Filippov &#8211; Anw\u00e4rter A &#8211; 2.Platz<br \/>\u00a0 Lisa Wesner &#8211; Anw\u00e4rter A &#8211; 9.Platz<\/p>\n<p>\u00a0 Tim Landwehrmann &#8211; Anw\u00e4rter \u00a0Jungen &#8211; 1.Platz<\/p>\n<p>\u00a0 Alina Riabko &#8211; Neulinge 1A &#8211; 6.Platz<br \/>\u00a0 Meliha Ouayd &#8211; Neulinge 1A &#8211; 9.Platz<\/p>\n<p>\u00a0 Irene Emmanouilidis &#8211; Neulinge 1B &#8211; 6.Platz<\/p>\n<p><strong><a href=\"https:\/\/www.lev-nrw.org\/index.php?action=102&amp;e=2243\" _blank=\"\" rel=\"noopener\">Meldeliste<\/a><\/strong><\/p>\n<p>[\/et_pb_text][et_pb_text _builder_version=&#8220;4.18.0&#8243; _module_preset=&#8220;default&#8220; text_line_height=&#8220;1.5em&#8220; header_2_text_color=&#8220;#0C3351&#8243; header_3_text_color=&#8220;#004C7B&#8220; header_3_font_size=&#8220;24px&#8220; header_4_text_color=&#8220;#004C7B&#8220; link_option_url_new_window=&#8220;on&#8220; global_colors_info=&#8220;{}&#8220;]<\/p>\n<h3>Landesmeisterschaften 2023<\/h3>\n<h4>Dortmund, 24.-26.02.2023<span style=\"text-decoration: underline;\"><\/span><span style=\"text-decoration: underline;\"><\/span><\/h4>\n<p>Wir gratulieren unseren L\u00e4uferInnen zu ihren Platzierungen:<\/p>\n<p>\u00a0 Anastassia Filippov &#8211; Anw\u00e4rter A<br \/>\u00a0 Dina Daab &#8211; Anw\u00e4rter A<br \/>\u00a0 Mimi Wahl &#8211; Anw\u00e4rter A<\/p>\n<p>\u00a0 Noemi Ludwig &#8211; Neulinge 1<br \/>\u00a0 Alina Riabko &#8211; Neulinge 1<br \/>\u00a0 Meliha Quayd &#8211; Neulinge 1<br \/>\u00a0 Irene Emmanouilidis &#8211; Neulinge 1<\/p>\n<p>\u00a0 Viktoriia Zelbel &#8211; Neulinge 2<br \/>\u00a0 Charlotte Gey &#8211; Neulinge 2<\/p>\n<p>\u00a0 Charlize Kyrychenko &#8211; Pre-Novice M\u00e4dchen &#8211; 7.Platz<br \/>\u00a0 Arina Kochkina &#8211; Pre-Novice M\u00e4dchen &#8211; 12.Platz<\/p>\n<p>\u00a0 Ruslan Danilin &#8211; Pre-Novice Jungen &#8211; 1.Platz<\/p>\n<p>\u00a0 Maja Gaus &#8211; Advanced Novice &#8211; 4.Platz<br \/>\u00a0 Sophie Eberle &#8211; Advanced Novice &#8211; 11.Platz<\/p>\n<p>\u00a0 Enik\u00f6 Kobor &amp; Zoard Kobor &#8211; Advanced Novice Eistanz &#8211; 1.Platz<\/p>\n<p><strong><a href=\"https:\/\/www.lev-nrw.org\/index.php?nav=167\" target=\"_blank\" rel=\"noopener\">Zeitplan\/Startreihenfolge\/Live-Stream<\/a><\/strong><\/p>\n<p>[\/et_pb_text][et_pb_text _builder_version=&#8220;4.18.0&#8243; _module_preset=&#8220;default&#8220; text_line_height=&#8220;1.5em&#8220; header_2_text_color=&#8220;#0C3351&#8243; header_3_text_color=&#8220;#004C7B&#8220; header_3_font_size=&#8220;24px&#8220; header_4_text_color=&#8220;#004C7B&#8220; link_option_url_new_window=&#8220;on&#8220; global_colors_info=&#8220;{}&#8220;]<\/p>\n<h3>Dresdencup<\/h3>\n<h4>Dresden, 18.-19.02.2023<span style=\"text-decoration: underline;\"><\/span><\/h4>\n<p><a>Livestream:<\/a>\u00a0<span style=\"text-decoration: underline;\"><a href=\"https:\/\/sportdeutschland.tv\/dresdnereislaufclub\/dresden-cup-2023\" target=\"_blank\" rel=\"noopener\">Samstag<\/a><\/span> &#8211; <span style=\"text-decoration: underline;\"><a href=\"https:\/\/sportdeutschland.tv\/dresdnereislaufclub\/dresden-cup-2023-0\" target=\"_blank\" rel=\"noopener\">Sonntag<\/a><\/span><\/p>\n<p><span style=\"font-size: 14px;\">Wir gratulieren unserem Synchroneiskunstlauf-Team, den Rising Roses, zu ihrer Platzierung:<\/span><\/p>\n<p>Rising Roses &#8211; Mixed Age &#8211; 7.Platz<span style=\"font-size: 14px;\"><\/span><\/p>\n<h3><img decoding=\"async\" loading=\"lazy\" src=\"https:\/\/deg-eiskunstlauf-ev.de\/cms\/wp-content\/uploads\/2023\/02\/7cc8218e-e077-4a58-acf9-b9fb19ee2566-300x225.jpg\" width=\"300\" height=\"225\" alt=\"\" class=\"wp-image-2383 alignnone size-medium\" \/><\/h3>\n<p><strong><\/strong><strong><a href=\"https:\/\/www.dresdencup.eu\" target=\"_blank\" rel=\"noopener\"> Info&#8217;s<\/a><\/strong><\/p>\n<p>[\/et_pb_text][et_pb_text _builder_version=&#8220;4.18.0&#8243; _module_preset=&#8220;default&#8220; text_line_height=&#8220;1.5em&#8220; header_2_text_color=&#8220;#0C3351&#8243; header_3_text_color=&#8220;#004C7B&#8220; header_3_font_size=&#8220;24px&#8220; header_4_text_color=&#8220;#004C7B&#8220; link_option_url_new_window=&#8220;on&#8220; global_colors_info=&#8220;{}&#8220;]<\/p>\n<h3>Klassenlaufen<\/h3>\n<h4>D\u00fcsseldorf, 18.02.2023<span style=\"text-decoration: underline;\"><\/span><span style=\"text-decoration: underline;\"><\/span><\/h4>\n<p>Wir gratulieren Amelie, Carla, Charlotte, Anastassia, Noemi und Ruslan zur bestandenen Klassenlaufpr\u00fcfung!<\/p>\n<p>&nbsp;<\/p>\n<p>[\/et_pb_text][et_pb_text _builder_version=&#8220;4.18.0&#8243; _module_preset=&#8220;default&#8220; text_line_height=&#8220;1.5em&#8220; header_2_text_color=&#8220;#0C3351&#8243; header_3_text_color=&#8220;#004C7B&#8220; header_3_font_size=&#8220;24px&#8220; header_4_text_color=&#8220;#004C7B&#8220; link_option_url_new_window=&#8220;on&#8220; global_colors_info=&#8220;{}&#8220;]<\/p>\n<h3>H\u00f6rnle-Cup 2023<\/h3>\n<h4>Balingen, 18.02.2023<span style=\"text-decoration: underline;\"><\/span><span style=\"text-decoration: underline;\"><a href=\"https:\/\/sportdeutschland.tv\/deutsche-eislauf-union\/deutsche-meisterschaften-im-synchroneiskunstlaufen-2023-tag-3\" target=\"_blank\" rel=\"noopener\"><\/a><\/span><\/h4>\n<p>Wir gratulieren unserem L\u00e4ufer zu seiner Platzierung:<\/p>\n<p>\u00a0 Heiko Vogel &#8211; Bronze Herren II &#8211; 1.Platz<\/p>\n<p><strong><a href=\"https:\/\/ekv-balingen.jimdofree.com\/wettk\u00e4mpfe\/hk-pokal-h\u00f6rnle-cup\/\" target=\"_blank\" rel=\"noopener\"> Info&#8217;s<\/a><\/strong><\/p>\n<p>[\/et_pb_text][et_pb_text _builder_version=&#8220;4.18.0&#8243; _module_preset=&#8220;default&#8220; text_line_height=&#8220;1.5em&#8220; header_2_text_color=&#8220;#0C3351&#8243; header_3_text_color=&#8220;#004C7B&#8220; header_3_font_size=&#8220;24px&#8220; header_4_text_color=&#8220;#004C7B&#8220; link_option_url_new_window=&#8220;on&#8220; global_colors_info=&#8220;{}&#8220;]<\/p>\n<h3>Cup of Neuss 2023\/ DM SYS 2023<\/h3>\n<h4>Neuss, 10.-12.02.2023<span style=\"text-decoration: underline;\"><\/span><\/h4>\n<p><a>Livestream: <\/a><span style=\"text-decoration: underline;\"><a href=\"https:\/\/sportdeutschland.tv\/deutsche-eislauf-union\/deutsche-meisterschaften-im-synchroneiskunstlaufen-2023-tag-1\" target=\"_blank\" rel=\"noopener\">Freitag<\/a><\/span> &#8211; <span style=\"text-decoration: underline;\"><a href=\"https:\/\/sportdeutschland.tv\/deutsche-eislauf-union\/deutsche-meisterschaften-im-synchroneiskunstlaufen-tag-2\" target=\"_blank\" rel=\"noopener\">Samstag<\/a><\/span> &#8211; <span style=\"text-decoration: underline;\"><a href=\"https:\/\/sportdeutschland.tv\/deutsche-eislauf-union\/deutsche-meisterschaften-im-synchroneiskunstlaufen-2023-tag-3\" target=\"_blank\" rel=\"noopener\">Sonntag<\/a><\/span><\/p>\n<p><span style=\"font-size: 14px;\">Wir gratulieren unserem Synchroneiskunstlauf-Team, den Rising Roses, zu ihrer super Platzierung:<\/span><\/p>\n<p><span style=\"font-size: 14px;\">\u00a0 \u00a0 \u00a0Rising Roses &#8211; Mixed Age &#8211; 4.Platz<\/span><\/p>\n<h3><img decoding=\"async\" loading=\"lazy\" src=\"https:\/\/deg-eiskunstlauf-ev.de\/cms\/wp-content\/uploads\/2023\/02\/Rising-Roses-Cup-of-Neuss-2023-Die-erste-Kuer-ist-beendet.-300x89.png\" width=\"300\" height=\"89\" alt=\"\" class=\"wp-image-2361 alignnone size-medium\" \/><\/h3>\n<p><strong><a href=\"https:\/\/lev-nrw.org\/docs\/event\/2242\/html\/index.htm\" target=\"_blank\" rel=\"noopener\">Ergebnisse<\/a><\/strong><strong>\u00a0\u00a0\u00a0\u00a0\u00a0<a href=\"https:\/\/www.nsk-neuss.de\/cup-of-neuss\/\" target=\"_blank\" rel=\"noopener\"> Info&#8217;s<\/a><\/strong><\/p>\n<p>[\/et_pb_text][et_pb_text _builder_version=&#8220;4.18.0&#8243; _module_preset=&#8220;default&#8220; text_line_height=&#8220;1.5em&#8220; header_2_text_color=&#8220;#0C3351&#8243; header_3_text_color=&#8220;#004C7B&#8220; header_3_font_size=&#8220;24px&#8220; header_4_text_color=&#8220;#004C7B&#8220; link_option_url_new_window=&#8220;on&#8220; global_colors_info=&#8220;{}&#8220;]<\/p>\n<h3>Ina Bauer Pokal 2023<\/h3>\n<h4>Krefeld, 03.-05.02.2023<span style=\"text-decoration: underline;\"><\/span><\/h4>\n<p><a>Livestream: <\/a><span style=\"text-decoration: underline;\"><a href=\"https:\/\/sportdeutschland.tv\/dembachmediaworks\/ina-bauer-pokal-03-02-2023\" target=\"_blank\" rel=\"noopener\">Freitag<\/a><\/span> &#8211; <span style=\"text-decoration: underline;\"><a href=\"https:\/\/sportdeutschland.tv\/dembachmediaworks\/ina-bauer-pokal-04-02-2023-teil-1\" target=\"_blank\" rel=\"noopener\">Samstag1<\/a><\/span> &#8211; <span style=\"text-decoration: underline;\"><a href=\"https:\/\/sportdeutschland.tv\/dembachmediaworks\/ina-bauer-pokal-04-02-2023-teil-2\" target=\"_blank\" rel=\"noopener\">Samstag2<\/a><\/span> &#8211; <span style=\"text-decoration: underline;\"><a href=\"https:\/\/sportdeutschland.tv\/dembachmediaworks\/ina-bauer-pokal-05-02-2023\" target=\"_blank\" rel=\"noopener\">Sonntag<\/a><\/span><\/p>\n<p>Wir gratulieren unseren L\u00e4uferInnen zu ihren Platzierungen:<\/p>\n<p>\u00a0 Aki Ito &#8211; Freil\u00e4ufer 1A &#8211; 13.Platz<br \/>\u00a0 Sarah Harder &#8211; Freil\u00e4ufer 1A &#8211; 14.Platz<\/p>\n<p>\u00a0 Lukas Horrix &#8211; Freil\u00e4ufer 1B &#8211; 15.Platz<\/p>\n<p>\u00a0 Yeva\u00a0Dehtiarova\u00a0&#8211; Freil\u00e4ufer 2A &#8211; 8.Platz<br \/>\u00a0 Taisia Walger &#8211; Freil\u00e4ufer 2A &#8211; 9.Platz<br \/>\u00a0 Vanessa Scheinin &#8211; Freil\u00e4ufer 2A &#8211; 10.Platz<\/p>\n<p>\u00a0 Arina Sapasnik &#8211; Figurenl\u00e4ufer 1A &#8211; 9.Platz<br \/>\u00a0 Valentina Giring &#8211; Figurenl\u00e4ufer 1A &#8211; 14.Platz<\/p>\n<p>\u00a0 Anne Walther\u00a0&#8211; Figurenl\u00e4ufer 1B &#8211; 9.Platz<br \/>\u00a0 Isabelle Gruber &#8211; Figurenl\u00e4ufer 1B \u00a0&#8211; 13.Platz<\/p>\n<p>\u00a0 Alexane Niesler &#8211; Figurel\u00e4ufer 2 &#8211; 1.Platz<br \/>\u00a0 Kelly Schmidt &#8211; Figurel\u00e4ufer 2 &#8211; 4.Platz<\/p>\n<p>\u00a0 Laura Harder &#8211; Kunstl\u00e4ufer B &#8211; 9.Platz<br \/>\u00a0 Kseniia Sylkova &#8211; Kunstl\u00e4ufer B &#8211; 11.Platz<\/p>\n<p>\u00a0 Charlotte Janaszek &#8211; Kunstl\u00e4ufer C &#8211; 1.Platz<br \/>\u00a0 Kateryna Kashyna &#8211; Kunstl\u00e4ufer C &#8211; 5.Platz<\/p>\n<p>\u00a0 Tim Landwehrmann &#8211; Kunstl\u00e4ufer Jungen &#8211; 1.Platz<\/p>\n<p>\u00a0 Anastassia Filippov &#8211; Anw\u00e4rter A &#8211; 1.Platz<br \/>\u00a0 Mimi Wahl &#8211; Anw\u00e4rter A &#8211; 10.Platz<\/p>\n<p>\u00a0 Alina Riabko &#8211; Neulinge 1A &#8211; 11.Platz<\/p>\n<p>\u00a0 Noemi Ludwig &#8211; Neulinge 1B &#8211; 1.Platz<br \/>\u00a0 Irene Emmanouilidis &#8211; Neulinge 1B &#8211; 11.Platz<\/p>\n<p>\u00a0 Viktoriia Zelbel &#8211; Neulinge 2A &#8211; 19.Platz<\/p>\n<p>\u00a0 Charlotte Gey &#8211; Neulinge 2B &#8211; 17.Platz<\/p>\n<p>\u00a0 Charlize Kyrychenko &#8211; Pre-Novice M\u00e4dchen &#8211; 10.Platz<br \/>\u00a0 Arina Kochkina &#8211; Pre-Novice M\u00e4dchen &#8211; 11.Platz<\/p>\n<p>\u00a0 Ruslan Danilin &#8211; Pre-Novice Jungen &#8211; 2.Platz<\/p>\n<p>\u00a0 Dora Yang &#8211; Advanced Novice &#8211; 10.Platz<br \/>\u00a0 Sophie Eberle &#8211; Advanced Novice &#8211; 12.Platz<\/p>\n<p>\u00a0 Maria Walger &#8211; Young Adult 2 &#8211; 4.Platz<\/p>\n<p><strong><a href=\"https:\/\/www.lev-nrw.org\/index.php?action=102&amp;e=2228\" target=\"_blank\" rel=\"noopener\">Ausschreibung\/Meldeliste<\/a> \u00a0 \u00a0<\/strong><strong><a href=\"https:\/\/www.lev-nrw.org\/index.php?action=41&amp;id=341\" target=\"_blank\" rel=\"noopener\">Zeitplan<\/a>\u00a0 \u00a0 \u00a0<\/strong>Ergebnisse: <strong><a href=\"https:\/\/lev-nrw.org\/docs\/event\/2228\/obo\/index.htm\" target=\"_blank\" rel=\"noopener\">OBO<\/a><\/strong><a href=\"https:\/\/lev-nrw.org\/docs\/event\/2228\/obo\/index.htm\" target=\"_blank\" rel=\"noopener\">\/<\/a><strong><a href=\"https:\/\/lev-nrw.org\/docs\/event\/2228\/njs\/html\/index.htm\" target=\"_blank\" rel=\"noopener\">NJS<\/a><\/strong><\/p>\n<p><a href=\"https:\/\/lev-nrw.org\/docs\/event\/2228\/njs\/html\/index.htm\" target=\"_blank\" rel=\"noopener\"> <\/a><\/p>\n<p>[\/et_pb_text][et_pb_text _builder_version=&#8220;4.18.0&#8243; _module_preset=&#8220;default&#8220; text_line_height=&#8220;1.5em&#8220; header_2_text_color=&#8220;#0C3351&#8243; header_3_text_color=&#8220;#004C7B&#8220; header_3_font_size=&#8220;24px&#8220; header_4_text_color=&#8220;#004C7B&#8220; link_option_url_new_window=&#8220;on&#8220; global_colors_info=&#8220;{}&#8220;]<\/p>\n<h3>Waldstadtpokal 2023<\/h3>\n<h4>Iserlohn, 21.01.2023<span style=\"text-decoration: underline;\"><\/span><\/h4>\n<p>Wir gratulieren unseren L\u00e4uferInnen zu ihren Platzierungen:<\/p>\n<p>\u00a0 Lukas Horrix &#8211; Freil\u00e4ufer 1A &#8211; 15.Platz<span style=\"text-decoration: underline;\"><\/span><strong><\/strong><\/p>\n<p>\u00a0 Taisia Walger &#8211; Freil\u00e4ufer 2 &#8211; 11.Platz<br \/>\u00a0 Vanessa Scheinin &#8211; Freil\u00e4ufer 2 &#8211; 12.Platz<\/p>\n<p>\u00a0 Alexane Niesler &#8211; Figurel\u00e4ufer 2 &#8211; 1.Platz<\/p>\n<p><strong><a href=\"https:\/\/www.waldstadtpokal.de\" target=\"_blank\" rel=\"noopener\">Informationen\/Ausschreibung\/Meldeliste\/Zeitplan<\/a><\/strong> <strong><a href=\"https:\/\/lev-nrw.org\/docs\/event\/2236\/index.htm\" target=\"_blank\" rel=\"noopener\">\u00a0 \u00a0 Startreihenfolge\/Ergebnisse<\/a><\/strong><\/p>\n<p>[\/et_pb_text][et_pb_text _builder_version=&#8220;4.18.0&#8243; _module_preset=&#8220;default&#8220; text_line_height=&#8220;1.5em&#8220; header_2_text_color=&#8220;#0C3351&#8243; header_3_text_color=&#8220;#004C7B&#8220; header_3_font_size=&#8220;24px&#8220; header_4_text_color=&#8220;#004C7B&#8220; link_option_url_new_window=&#8220;on&#8220; global_colors_info=&#8220;{}&#8220;]<\/p>\n<h3>Klassenlaufen<\/h3>\n<h4>Neuss, 20.01.2023<span style=\"text-decoration: underline;\"><\/span><\/h4>\n<p><span style=\"text-decoration: underline;\"><\/span>Wir gratulieren Kateryna, Kseniia, Tabea\u00a0und Tim zur bestandenen Klassenlaufpr\u00fcfung!<\/p>\n<p><strong><a href=\"https:\/\/www.lev-nrw.org\/index.php?action=41&amp;id=338\" target=\"_blank\" rel=\"noopener\">Zeitplan<\/a><\/strong><\/p>\n<p>[\/et_pb_text][et_pb_text _builder_version=&#8220;4.18.0&#8243; _module_preset=&#8220;default&#8220; text_line_height=&#8220;1.5em&#8220; header_2_text_color=&#8220;#0C3351&#8243; header_3_text_color=&#8220;#004C7B&#8220; header_3_font_size=&#8220;24px&#8220; header_4_text_color=&#8220;#004C7B&#8220; link_option_url_new_window=&#8220;on&#8220; global_colors_info=&#8220;{}&#8220;]<\/p>\n<h3>Wiehl Pokal 2023<\/h3>\n<h4>Wiehl, 13.01. &#8211; 14.01.2023<span style=\"text-decoration: underline;\"><\/span><\/h4>\n<p>Wir gratulieren unseren L\u00e4uferInnen zu ihren Platzierungen:<\/p>\n<p>\u00a0 Jana Rose &#8211; Eisl\u00e4ufer A &#8211; 3.Platz<br \/>\u00a0 Polina Kochkina &#8211; Eisl\u00e4ufer A &#8211; 6.Platz<br \/>\u00a0 Isabelle Faber &#8211; Eisl\u00e4ufer A &#8211; 10.Platz<br \/>\u00a0 Beatrice Faber &#8211; Eisl\u00e4ufer A\u00a0&#8211; 11.Platz<\/p>\n<p>\u00a0 Amalia Volz &#8211; Eisl\u00e4ufer B &#8211; 5.Platz<br \/>\u00a0 Veronique Gruber &#8211; Eisl\u00e4ufer B &#8211; 7.Platz<\/p>\n<p>\u00a0 Frederike Volz &#8211; Eisl\u00e4ufer C &#8211; 6.Platz<\/p>\n<p>\u00a0 Filip Landwehrmann &#8211; Eisl\u00e4ufer Jungen &#8211; 3.Platz<br \/>\u00a0 Elijah Scheinin &#8211; Eisl\u00e4ufer Jungen &#8211; 4.Platz<\/p>\n<p>\u00a0 Sarah Harder &#8211; Freil\u00e4ufer 1A &#8211; 6.Platz<br \/>\u00a0 Dascha Sommet &#8211; Freil\u00e4ufer 1A\u00a0&#8211; 11.Platz<br \/>\u00a0 Lukas Horrix &#8211; Freil\u00e4ufer 1A &#8211; 15.Platz<br \/>\u00a0 Aki Ito &#8211; Freil\u00e4ufer 1A &#8211; 16.Platz<\/p>\n<p>\u00a0 Maya Hesaki &#8211; Freil\u00e4ufer 2 &#8211; 11.Platz<br \/>\u00a0 Vanessa Scheinin &#8211; Freil\u00e4ufer 2 &#8211; 12.Platz<br \/>\u00a0 Taisia Walger &#8211; Freil\u00e4ufer 2 &#8211; 16.Platz<\/p>\n<p>\u00a0 Ingrid Derevall &#8211; Figurenl\u00e4ufer 1A &#8211; 4.Platz<br \/>\u00a0 Arina Sapasnik &#8211; Figurenl\u00e4ufer 1A &#8211; 10.Platz<\/p>\n<p>\u00a0 Isabelle Gruber &#8211; Figurenl\u00e4ufer 1B \u00a0&#8211; 10.Platz<br \/>\u00a0 Anne Walther\u00a0&#8211; Figurenl\u00e4ufer 1B &#8211; 11.Platz<\/p>\n<p>\u00a0 Alexane Niesler &#8211; Figurel\u00e4ufer 2 &#8211; 1.Platz<\/p>\n<p>\u00a0 Amelie L\u00f6negren &#8211; Figurel\u00e4ufer 2 &#8211; 2.Platz<br \/>\u00a0 Kelly Schmidt &#8211; Figurel\u00e4ufer 2 &#8211; 4.Platz<br \/>\u00a0 Alexandra Grot &#8211; Figurel\u00e4ufer 2 &#8211; 10.Platz<\/p>\n<p>\u00a0 Tim Landwehrmann &#8211; Kunstl\u00e4ufer A\u00a0&#8211; 8.Platz<br \/>\u00a0 Laura Harder &#8211; Kunstl\u00e4ufer A &#8211; 13.Platz<br \/>\u00a0 Kseniia Sylkova &#8211; Kunstl\u00e4ufer A &#8211; 19.Platz<\/p>\n<p>\u00a0 Anastassia Filippov &#8211; Anw\u00e4rter &#8211; 8.Platz<\/p>\n<p>\u00a0 Meliha Ouayd &#8211; Neulinge 1 &#8211; 12.Platz<br \/>\u00a0 Alina Riabko &#8211; Neulinge 1 &#8211; 14.Platz<br \/>\u00a0 Irene Emmanouilidis &#8211; Neulinge 1 &#8211; 15.Platz<br \/>\u00a0 Noemi Ludwig &#8211; Neulinge 1 &#8211; 17.Platz<\/p>\n<p>\u00a0 Viktoriia Zelbel &#8211; Neulinge 2A &#8211; 12.Platz<br \/>\u00a0 Charlotte Gey &#8211; Neulinge 2A &#8211; 19.Platz<\/p>\n<p>\u00a0 Charlize Kyrychenko &#8211; Pre-Novice M\u00e4dchen &#8211; 5.Platz<br \/>\u00a0 Arina Kochkina &#8211; Pre-Novice M\u00e4dchen &#8211; 6.Platz<\/p>\n<p>\u00a0 Ruslan Danilin &#8211; Pre-Novice Jungen &#8211; 2.Platz<\/p>\n<p>\u00a0 Maja Gaus &#8211; Advanced Novice &#8211; 1.Platz<br \/>\u00a0 Sophie Eberle &#8211; Advanced Novice &#8211; 10.Platz<\/p>\n<p>\u00a0 Maria Walger &#8211; Young Adult 2 &#8211; 4.Platz<\/p>\n<p><strong><a href=\"https:\/\/lev-nrw.org\/docs\/event\/2234\/obo\/index.htm\" target=\"_blank\" rel=\"noopener\">Ergebnisse (OBO) \u00a0 \u00a0 <\/a><\/strong><strong><a href=\"https:\/\/lev-nrw.org\/docs\/event\/2234\/njs\/index.htm\" target=\"_blank\" rel=\"noopener\">Ergebnisse (NJS) \u00a0 \u00a0 <\/a><\/strong><strong><a href=\"https:\/\/www.tus-wiehl-eiskunstlauf.de\/wp-content\/uploads\/2023\/01\/Wiehl-Pokal-2023-Zeitplan.pdf\" target=\"_blank\" rel=\"noopener\">Zeitplan<\/a><\/strong><\/p>\n<p>[\/et_pb_text][et_pb_text _builder_version=&#8220;4.18.0&#8243; _module_preset=&#8220;default&#8220; text_line_height=&#8220;1.5em&#8220; header_2_text_color=&#8220;#0C3351&#8243; header_3_text_color=&#8220;#004C7B&#8220; header_3_font_size=&#8220;24px&#8220; header_4_text_color=&#8220;#004C7B&#8220; link_option_url_new_window=&#8220;on&#8220; global_colors_info=&#8220;{}&#8220;]<\/p>\n<h3>Deutsche Meisterschaften 2023<\/h3>\n<h4>Oberstdorf, 05.01. &#8211; 07.01.2023<span style=\"text-decoration: underline;\"><\/span><\/h4>\n<p><span style=\"text-decoration: underline;\"><a href=\"https:\/\/sportdeutschland.tv\/deutsche-eislauf-union\" target=\"_blank\" rel=\"noopener\">Livestream<\/a><\/span><span style=\"text-decoration: underline;\"><\/span><\/p>\n<p>Wir gratulieren unserem Eistanzpaar zu ihrem Sieg in der Nachwuchsklasse bei der DM:<\/p>\n<p>\u00a0 \u00a0 \u00a0Enik\u00f6 Kobor &amp; Zoard Kobor &#8211; Advanced Novice Eistanz &#8211; 1.Platz<\/p>\n<p><strong><a href=\"https:\/\/www.eislauf-union.de\/de\/events\/deutsche-meisterschaften\" target=\"_blank\" rel=\"noopener\">Informationen\/Zeitplan\/Startreihenfolge\/Ergebnisse<\/a><\/strong><\/p>\n<p>[\/et_pb_text][et_pb_text _builder_version=&#8220;4.18.0&#8243; _module_preset=&#8220;default&#8220; text_line_height=&#8220;1.5em&#8220; header_2_text_color=&#8220;#0C3351&#8243; header_3_text_color=&#8220;#004C7B&#8220; header_3_font_size=&#8220;24px&#8220; header_4_text_color=&#8220;#004C7B&#8220; link_option_url_new_window=&#8220;on&#8220; global_colors_info=&#8220;{}&#8220;]<\/p>\n<h3>Deutsche Nachwuchsmeisterschaften 2023<\/h3>\n<h4>Oberstdorf, 16.12.2022 &#8211; 18.12.2022<\/h4>\n<p><a>Livestream: <span style=\"text-decoration: underline;\"><\/span><\/a><span style=\"text-decoration: underline;\"><\/span> <span style=\"text-decoration: underline;\"><a href=\"https:\/\/sportdeutschland.tv\/deutsche-eislauf-union\/deutschen-nachwuchsmeisterschaften-2023-tag1\" target=\"_blank\" rel=\"noopener\">Freitag<\/a><\/span> &#8211; <span style=\"text-decoration: underline;\"><a href=\"https:\/\/sportdeutschland.tv\/deutsche-eislauf-union\/deutsche-nachwuchsmeisterschaften-2023-tag2\" target=\"_blank\" rel=\"noopener\">Samstag<\/a><\/span> &#8211; <span style=\"text-decoration: underline;\"><a href=\"https:\/\/sportdeutschland.tv\/deutsche-eislauf-union\/deutsche-nachwuchsmeisterschaften-2023-tag3\" target=\"_blank\" rel=\"noopener\">Sonntag<\/a><\/span><\/p>\n<p>Wir gratulieren unseren beiden L\u00e4uferinnen zu ihren Platzierungen bei der DNM:<\/p>\n<p>\u00a0 \u00a0Maja Gaus &#8211; Nachwuchs M\u00e4dchen B &#8211; 10.Platz<br \/>\u00a0 \u00a0Dora Yang &#8211; Nachwuchs M\u00e4dchen B &#8211; 18.Platz<\/p>\n<p><strong><a href=\"https:\/\/www.eislauf-union.de\/de\/events\/deutsche-nachwuchsmeisterschaften\" target=\"_blank\" rel=\"noopener\">Ausschreibung\/Zeitplan\/Startreihenfolge\/Ergebnisse<\/a><\/strong><\/p>\n<p>[\/et_pb_text][et_pb_text _builder_version=&#8220;4.18.0&#8243; _module_preset=&#8220;default&#8220; text_line_height=&#8220;1.5em&#8220; header_2_text_color=&#8220;#0C3351&#8243; header_3_text_color=&#8220;#004C7B&#8220; header_3_font_size=&#8220;24px&#8220; header_4_text_color=&#8220;#004C7B&#8220; link_option_url_new_window=&#8220;on&#8220; global_colors_info=&#8220;{}&#8220;]<\/p>\n<h3>Nikolauspokal<\/h3>\n<h4>Soest\/M\u00f6hnesee, 03.12.2022<\/h4>\n<p>Wir gratulieren unseren L\u00e4uferInnen zu ihren Platzierungen:<\/p>\n<p>Lukas Horrix &#8211; Freil\u00e4ufer 1A &#8211; 11.Platz<\/p>\n<p>Maya Hesaki &#8211; Freil\u00e4ufer 2 &#8211; 11.Platz<br \/>Taisia Walger &#8211; Freil\u00e4ufer 2 &#8211; 13.Platz<br \/>Vanessa Scheinin &#8211; Freil\u00e4ufer 2 &#8211; 14.Platz<\/p>\n<p>Ingrid Derevall &#8211; Figurenl\u00e4ufer 1A &#8211; 10.Platz<br \/>Arina Sapasnik &#8211; Figurenl\u00e4ufer 1A &#8211; 13.Platz<\/p>\n<p>Anne Walther &#8211; Figurenl\u00e4ufer 1B \u00a0&#8211; 15.Platz<br \/>Isabelle Gruber &#8211; Figurenl\u00e4ufer 1B &#8211; 16.Platz<\/p>\n<p>Kelly Schmidt &#8211; Figurel\u00e4ufer 2 &#8211; 2.Platz<br \/>Amelie L\u00f6negren &#8211; Figurel\u00e4ufer 2 &#8211; 5.Platz<\/p>\n<p>Tim Landwehrmann &#8211; Kunstl\u00e4ufer A\u00a0&#8211; 3.Platz<br \/>Eva Bortmann &#8211; Kunstl\u00e4ufer A &#8211; 13.Platz<\/p>\n<p>Charlotte Janaszek &#8211; Kunstl\u00e4ufer B &#8211; 5.Platz<\/p>\n<p>Anastassia Filippov &#8211; Anw\u00e4rter &#8211; 1.Platz<br \/>Mimi Wahl &#8211; Anw\u00e4rter &#8211; 9.Platz<\/p>\n<p><strong><a href=\"https:\/\/lev-nrw.org\/docs\/event\/2249\/index.htm\">Ergebnisse<\/a><\/strong><\/p>\n<p>[\/et_pb_text][et_pb_text _builder_version=&#8220;4.18.0&#8243; _module_preset=&#8220;default&#8220; text_line_height=&#8220;1.5em&#8220; header_2_text_color=&#8220;#0C3351&#8243; header_3_text_color=&#8220;#004C7B&#8220; header_3_font_size=&#8220;24px&#8220; header_4_text_color=&#8220;#004C7B&#8220; link_option_url_new_window=&#8220;on&#8220; global_colors_info=&#8220;{}&#8220;]<\/p>\n<h3>NRW Trophy 2022<\/h3>\n<h4>Dortmund, 24.11.2022 &#8211; 27.11.2022<\/h4>\n<p><a href=\"https:\/\/www.lev-nrw.org\/index.php?nav=100\">Livestream: <span style=\"text-decoration: underline;\"><\/span><\/a><span style=\"text-decoration: underline;\"><a href=\"https:\/\/player.sportdeutschland.tv\/97a9b66d-8e8d-4caa-a998-9f24bdbf7239\">Donnerstag<\/a><\/span> &#8211; <span style=\"text-decoration: underline;\"><a href=\"https:\/\/player.sportdeutschland.tv\/97a9b72d-2c67-4f08-8517-d00fcb86d25c\">Freitag<\/a><\/span> &#8211; <span style=\"text-decoration: underline;\"><a href=\"https:\/\/player.sportdeutschland.tv\/97a9b79f-66c1-4bc8-8eed-2fdcd2b9adad\">Samstag<\/a><\/span> &#8211; <span style=\"text-decoration: underline;\"><a href=\"https:\/\/player.sportdeutschland.tv\/97a9b81e-4aca-4424-abcf-f267c7f7a507\">Sonntag<\/a><\/span><\/p>\n<p>Wir gratulieren unserem Eistanzpaar zu ihrer Platzierung:<\/p>\n<p>\u00a0 \u00a0 \u00a0Enik\u00f6 Kobor &amp; Zoard Kobor &#8211; Advanced Novice Ice Dance &#8211; 2.Platz<\/p>\n<p><strong><a href=\"https:\/\/www.lev-nrw.org\/index.php?nav=162\">Ausschreibung\/Meldungen\/Zeitplan\/Startreihenfolge\/Ergebnisse<\/a><\/strong><\/p>\n<p>[\/et_pb_text][et_pb_text _builder_version=&#8220;4.18.0&#8243; _module_preset=&#8220;default&#8220; text_line_height=&#8220;1.5em&#8220; header_2_text_color=&#8220;#0C3351&#8243; header_3_text_color=&#8220;#004C7B&#8220; header_3_font_size=&#8220;24px&#8220; header_4_text_color=&#8220;#004C7B&#8220; background_image=&#8220;https:\/\/deg-eiskunstlauf-ev.de\/cms\/wp-content\/uploads\/2022\/11\/DiezerLahnPokal2022-scaled.jpg&#8220; background_size=&#8220;contain&#8220; background_position=&#8220;center_right&#8220; link_option_url_new_window=&#8220;on&#8220; global_colors_info=&#8220;{}&#8220;]<\/p>\n<h3>Diezer Lahn-Pokal 2022<\/h3>\n<h4>Diez, 19.11.2022<\/h4>\n<p>Wir gratulieren unserem L\u00e4ufer zu seiner Platzierung:<\/p>\n<p>\u00a0 \u00a0Heiko Vogel &#8211; Adult Bronze &#8211; 1.Platz<\/p>\n<p><strong><a href=\"https:\/\/www.erc-diez.com\/eiskunstlauf\/diezer-lahn-pokal-2022\/\">Zeitplan\/Startreihenfolge\/Ergebnisse<\/a><\/strong><\/p>\n<p>[\/et_pb_text][et_pb_text _builder_version=&#8220;4.18.0&#8243; _module_preset=&#8220;default&#8220; text_line_height=&#8220;1.5em&#8220; header_2_text_color=&#8220;#0C3351&#8243; header_3_text_color=&#8220;#004C7B&#8220; header_3_font_size=&#8220;24px&#8220; header_4_text_color=&#8220;#004C7B&#8220; link_option_url_new_window=&#8220;on&#8220; global_colors_info=&#8220;{}&#8220;]<\/p>\n<h3>Nordbergpokal<\/h3>\n<h4>Bergkamen, 18.11.2022 &#8211; 19.11.2022<\/h4>\n<p>Wir gratulieren unseren L\u00e4uferInnen zu ihren Platzierungen:<\/p>\n<p>\u00a0 \u00a0Yeva\u00a0Dehtiarova &#8211; Freil\u00e4ufer 2 &#8211; 6.Platz<br \/>\u00a0 \u00a0Taisia Walger &#8211; Freil\u00e4ufer 2 &#8211; 7.Platz<\/p>\n<p>\u00a0 \u00a0Tim Landwehrmann &#8211; Kunstl\u00e4ufer A\u00a0&#8211; 3.Platz<br \/>\u00a0 \u00a0Charlotte Janaszek &#8211; Kunstl\u00e4ufer A &#8211; 7.Platz<\/p>\n<p><span style=\"font-size: 14px;\">\u00a0 \u00a0Marlene Bremen &#8211; Anw\u00e4rter &#8211; 4.Platz<\/span><\/p>\n<p>\u00a0 \u00a0Noemi Ludwig &#8211; Neulinge 1B &#8211; 2.Platz<br \/>\u00a0 \u00a0Irene Emmanouilidis &#8211; Neulinge 1B &#8211; 4.Platz<\/p>\n<p>\u00a0 \u00a0Viktoria Zelbel &#8211; Neulinge 2A &#8211; 1.Platz<br \/>\u00a0 \u00a0Charlize Kyrychenko &#8211; Neulinge 2A &#8211; 8.Platz<\/p>\n<p><strong><a href=\"https:\/\/www.lev-nrw.org\/index.php?nav=163\"><\/a><\/strong><\/p>\n<p>[\/et_pb_text][et_pb_text _builder_version=&#8220;4.18.0&#8243; _module_preset=&#8220;default&#8220; text_line_height=&#8220;1.5em&#8220; header_2_text_color=&#8220;#0C3351&#8243; header_3_text_color=&#8220;#004C7B&#8220; header_3_font_size=&#8220;24px&#8220; header_4_text_color=&#8220;#004C7B&#8220; link_option_url_new_window=&#8220;on&#8220; global_colors_info=&#8220;{}&#8220;]<\/p>\n<h3>Klassenlaufen<\/h3>\n<h4>Essen, 14.11.2022<\/h4>\n<p>Wir gratulieren Charlotte und Claire zur bestandenen Klassenlaufpr\u00fcfung!<\/p>\n<p>&nbsp;<\/p>\n<p>[\/et_pb_text][et_pb_text _builder_version=&#8220;4.18.0&#8243; _module_preset=&#8220;default&#8220; text_line_height=&#8220;1.5em&#8220; header_2_text_color=&#8220;#0C3351&#8243; header_3_text_color=&#8220;#004C7B&#8220; header_3_font_size=&#8220;24px&#8220; header_4_text_color=&#8220;#004C7B&#8220; link_option_url_new_window=&#8220;on&#8220; global_colors_info=&#8220;{}&#8220;]<\/p>\n<h3>Offene Th\u00fcringer Meisterschaften 2022\u00a0Erfurt, 12.11.2022 &#8211; 13.11.2022<\/h3>\n<p>Wir gratulieren unserer L\u00e4uferin zu ihrer Platzierung:<\/p>\n<p>\u00a0 \u00a0Maja Gaus &#8211; Nachwuchs M\u00e4dchen B &#8211; 7.Platz<\/p>\n<p><strong><a href=\"http:\/\/www.eiskunstlauf-erfurt.de\/ausschreibung,-zeitplan,-ergebnisse-otm,-kotm.html\">Zeitplan\/ Startreihenfolge\/ Livestream (ESC Erfurt e.V.)<\/a><\/strong><\/p>\n<p>&nbsp;<\/p>\n<p>[\/et_pb_text][et_pb_text _builder_version=&#8220;4.18.0&#8243; _module_preset=&#8220;default&#8220; text_line_height=&#8220;1.5em&#8220; header_2_text_color=&#8220;#0C3351&#8243; header_3_text_color=&#8220;#004C7B&#8220; header_3_font_size=&#8220;24px&#8220; header_4_text_color=&#8220;#004C7B&#8220; link_option_url_new_window=&#8220;on&#8220; global_colors_info=&#8220;{}&#8220;]<\/p>\n<h3>Westfalen Cup 2022<\/h3>\n<h4>Dortmund, 20.10.2022 &#8211; 23.10.2022<\/h4>\n<p>Livestream: <span style=\"text-decoration: underline;\"><a href=\"https:\/\/sportdeutschland.tv\/deutsche-eislauf-union\/westfalen-cup-2022-tag-1\">Freitag<\/a><\/span> &#8211; <span style=\"text-decoration: underline;\"><a href=\"https:\/\/sportdeutschland.tv\/deutsche-eislauf-union\/westfalen-cup-2022-tag-2\">Samstag<\/a><\/span> &#8211; <span style=\"text-decoration: underline;\"><a href=\"https:\/\/sportdeutschland.tv\/deutsche-eislauf-union\/westfalen-cup-2022-tag-3\">Sonntag<\/a><\/span><\/p>\n<p>Wir gratulieren unseren L\u00e4uferInnen zu ihren Platzierungen:<span style=\"text-decoration: underline;\"><\/span><\/p>\n<p>\u00a0 \u00a0Yeva\u00a0Dehtiarova &#8211; Freil\u00e4ufer 1A &#8211; 6.Platz<br \/>\u00a0 \u00a0Vanessa Scheinin &#8211; Freil\u00e4ufer 1A &#8211; 11.Platz<br \/>\u00a0 \u00a0Maya Hesaki &#8211; Freil\u00e4ufer 1A &#8211; 12.Platz<br \/>\u00a0 \u00a0Taisia Walger &#8211; Freil\u00e4ufer 1A &#8211; 14.Platz<\/p>\n<p>\u00a0 \u00a0Charlotte Janaszek &#8211; Figurenl\u00e4ufer 1 &#8211; 6.Platz<br \/>\u00a0 \u00a0Arina Sapasnik &#8211; Figurenl\u00e4ufer 1 &#8211; 9.Platz<br \/>\u00a0 \u00a0Ingrid Derevall &#8211; Figurenl\u00e4ufer 1 &#8211; 21.Platz<\/p>\n<p>\u00a0 \u00a0Eva Bortmann &#8211; Kunstl\u00e4ufer A &#8211; 11.Platz<\/p>\n<p>\u00a0 \u00a0Mimi Wahl &#8211; Anw\u00e4rter &#8211; 1.Platz<br \/>\u00a0 \u00a0Anastassia Filippov &#8211; Anw\u00e4rter &#8211; 5.Platz<br \/>\u00a0 \u00a0Marlene Bremen &#8211; Anw\u00e4rter &#8211; 16.Platz<\/p>\n<p>\u00a0 \u00a0Noemi Ludwig &#8211; Neulinge 1 &#8211; 8.Platz<br \/>\u00a0 \u00a0Aoife Larsen &#8211; Neulinge 1 &#8211; 13.Platz<br \/>\u00a0 \u00a0Irene Emmanouilidis &#8211; Neulinge 1 &#8211; 16.Platz<br \/>\u00a0 \u00a0Estelle Filippov &#8211; Neulinge 1 &#8211; 17.Platz<\/p>\n<p>\u00a0 \u00a0Charlize Kyrychenko &#8211; Neulinge 2A &#8211; 9.Platz<\/p>\n<p>\u00a0 \u00a0Maja Gaus &#8211; Advanced Novice B &#8211; 7.Platz<br \/>\u00a0 \u00a0Lara B\u00fcddecker &#8211; Advanced Novice &#8211; 19.Platz<br \/>\u00a0 \u00a0Sophie Eberle &#8211; Advanced Novice &#8211; 21.Platz<\/p>\n<p>\u00a0 \u00a0Victoria Abt (ERCW) &amp; Michael Pickmann\u00a0&#8211; Anf\u00e4nger Eistanz &#8211; 1.Platz<\/p>\n<p>\u00a0 \u00a0Enik\u00f6 Kobor &amp; Zoard Kobor &#8211; Advanced Novice Eistanz &#8211; 1.Platz<\/p>\n<p><strong><a href=\"https:\/\/www.lev-nrw.org\/index.php?nav=163\">Zeitplan &amp; Startreihenfolge<\/a><\/strong><\/p>\n<p>[\/et_pb_text][et_pb_text _builder_version=&#8220;4.18.0&#8243; _module_preset=&#8220;default&#8220; header_2_text_color=&#8220;#0C3351&#8243; header_3_text_color=&#8220;#004C7B&#8220; header_3_font_size=&#8220;24px&#8220; header_4_text_color=&#8220;#004C7B&#8220; link_option_url_new_window=&#8220;on&#8220; global_colors_info=&#8220;{}&#8220;]<\/p>\n<h3>Ruhr Cup 2022<\/h3>\n<h4>Essen, 08.10.2022 &#8211; 09.10.2022<\/h4>\n<p>Wir gratulieren unseren L\u00e4uferinnen zu ihren Platzierungen:<\/p>\n<p>\u00a0 \u00a0Maja Gaus &#8211; Advanced Novice M\u00e4dchen &#8211; 9.Platz<br \/>\u00a0 \u00a0Dora Yang &#8211; Advanced Novice M\u00e4dchen\u00a0&#8211; 12.Platz<br \/>\u00a0 \u00a0Lara B\u00fcddecker &#8211; Advanced Novice M\u00e4dchen &#8211; 20.Platz<\/p>\n<p><strong><a href=\"https:\/\/www.lev-nrw.org\/index.php?nav=164\">Zeitplan &amp; Startreihenfolge<\/a><\/strong><\/p>\n<p>[\/et_pb_text][et_pb_text _builder_version=&#8220;4.18.0&#8243; _module_preset=&#8220;default&#8220; header_2_text_color=&#8220;#0C3351&#8243; header_3_text_color=&#8220;#004C7B&#8220; header_3_font_size=&#8220;24px&#8220; header_4_text_color=&#8220;#004C7B&#8220; link_option_url_new_window=&#8220;on&#8220; global_colors_info=&#8220;{}&#8220;]<\/p>\n<h3>Klassenlaufen<\/h3>\n<h4>Dortmund, 05.10.2022<\/h4>\n<p>Wir gratulieren Arina und Charlize zur bestandenen Klassenlaufpr\u00fcfung!<\/p>\n<p>[\/et_pb_text][\/et_pb_column][\/et_pb_row][\/et_pb_section]<\/p>\n","protected":false},"excerpt":{"rendered":"<p>SAISON 2024\/2025ISU Adult Figure Skating Competition Oberstdorf , 29.06. \u2013 04.07.2025 Wir w\u00fcnschen unseren L\u00e4uferInnen viel Erfolg! Kristalcup Ghent (Belgien) , 27.04.2025 Wir w\u00fcnschen unseren L\u00e4uferInnen viel Erfolg! Marietta Marik Pokal Bielefeld, 30.03.2025 Wir gratulieren unseren L\u00e4uferInnen zu ihren Platzierungen: \u00a0 Lily Laudahn &#8211; Freil\u00e4ufer A &#8211; 10.Platz Ausschreibung\/ MeldelisteYoung Adult &amp; Adult Cup Dortmund, [&hellip;]<\/p>\n","protected":false},"author":1,"featured_media":0,"parent":0,"menu_order":0,"comment_status":"closed","ping_status":"closed","template":"","meta":{"_et_pb_use_builder":"on","_et_pb_old_content":"","_et_gb_content_width":"","footnotes":""},"yoast_head":"<!-- This site is optimized with the Yoast SEO plugin v22.4 - https:\/\/yoast.com\/wordpress\/plugins\/seo\/ -->\n<title>TERMINE und EVENTS - DEG Eiskunstlauf e. V.<\/title>\n<meta name=\"robots\" content=\"index, follow, max-snippet:-1, max-image-preview:large, max-video-preview:-1\" \/>\n<link rel=\"canonical\" href=\"https:\/\/deg-eiskunstlauf-ev.de\/cms\/termine-und-events\/\" \/>\n<meta property=\"og:locale\" content=\"de_DE\" \/>\n<meta property=\"og:type\" content=\"article\" \/>\n<meta property=\"og:title\" content=\"TERMINE und EVENTS - DEG Eiskunstlauf e. V.\" \/>\n<meta property=\"og:description\" content=\"SAISON 2024\/2025ISU Adult Figure Skating Competition Oberstdorf , 29.06. \u2013 04.07.2025 Wir w\u00fcnschen unseren L\u00e4uferInnen viel Erfolg! Kristalcup Ghent (Belgien) , 27.04.2025 Wir w\u00fcnschen unseren L\u00e4uferInnen viel Erfolg! Marietta Marik Pokal Bielefeld, 30.03.2025 Wir gratulieren unseren L\u00e4uferInnen zu ihren Platzierungen: \u00a0 Lily Laudahn - Freil\u00e4ufer A - 10.Platz Ausschreibung\/ MeldelisteYoung Adult &amp; Adult Cup Dortmund, [&hellip;]\" \/>\n<meta property=\"og:url\" content=\"https:\/\/deg-eiskunstlauf-ev.de\/cms\/termine-und-events\/\" \/>\n<meta property=\"og:site_name\" content=\"DEG Eiskunstlauf e. V.\" \/>\n<meta property=\"article:modified_time\" content=\"2025-04-13T23:36:44+00:00\" \/>\n<meta property=\"og:image\" content=\"https:\/\/deg-eiskunstlauf-ev.de\/cms\/wp-content\/uploads\/2023\/03\/Rising-Roses-Bavaria-Cup-2023-Pokal-225x300.jpg\" \/>\n<meta name=\"twitter:card\" content=\"summary_large_image\" \/>\n<script type=\"application\/ld+json\" class=\"yoast-schema-graph\">{\"@context\":\"https:\/\/schema.org\",\"@graph\":[{\"@type\":\"WebPage\",\"@id\":\"https:\/\/deg-eiskunstlauf-ev.de\/cms\/termine-und-events\/\",\"url\":\"https:\/\/deg-eiskunstlauf-ev.de\/cms\/termine-und-events\/\",\"name\":\"TERMINE und EVENTS - DEG Eiskunstlauf e. V.\",\"isPartOf\":{\"@id\":\"https:\/\/deg-eiskunstlauf-ev.de\/cms\/#website\"},\"primaryImageOfPage\":{\"@id\":\"https:\/\/deg-eiskunstlauf-ev.de\/cms\/termine-und-events\/#primaryimage\"},\"image\":{\"@id\":\"https:\/\/deg-eiskunstlauf-ev.de\/cms\/termine-und-events\/#primaryimage\"},\"thumbnailUrl\":\"https:\/\/deg-eiskunstlauf-ev.de\/cms\/wp-content\/uploads\/2023\/03\/Rising-Roses-Bavaria-Cup-2023-Pokal-225x300.jpg\",\"datePublished\":\"2022-09-15T07:16:50+00:00\",\"dateModified\":\"2025-04-13T23:36:44+00:00\",\"breadcrumb\":{\"@id\":\"https:\/\/deg-eiskunstlauf-ev.de\/cms\/termine-und-events\/#breadcrumb\"},\"inLanguage\":\"de\",\"potentialAction\":[{\"@type\":\"ReadAction\",\"target\":[\"https:\/\/deg-eiskunstlauf-ev.de\/cms\/termine-und-events\/\"]}]},{\"@type\":\"ImageObject\",\"inLanguage\":\"de\",\"@id\":\"https:\/\/deg-eiskunstlauf-ev.de\/cms\/termine-und-events\/#primaryimage\",\"url\":\"https:\/\/deg-eiskunstlauf-ev.de\/cms\/wp-content\/uploads\/2023\/03\/Rising-Roses-Bavaria-Cup-2023-Pokal.jpg\",\"contentUrl\":\"https:\/\/deg-eiskunstlauf-ev.de\/cms\/wp-content\/uploads\/2023\/03\/Rising-Roses-Bavaria-Cup-2023-Pokal.jpg\",\"width\":1200,\"height\":1600},{\"@type\":\"BreadcrumbList\",\"@id\":\"https:\/\/deg-eiskunstlauf-ev.de\/cms\/termine-und-events\/#breadcrumb\",\"itemListElement\":[{\"@type\":\"ListItem\",\"position\":1,\"name\":\"Startseite\",\"item\":\"https:\/\/deg-eiskunstlauf-ev.de\/cms\/\"},{\"@type\":\"ListItem\",\"position\":2,\"name\":\"TERMINE und EVENTS\"}]},{\"@type\":\"WebSite\",\"@id\":\"https:\/\/deg-eiskunstlauf-ev.de\/cms\/#website\",\"url\":\"https:\/\/deg-eiskunstlauf-ev.de\/cms\/\",\"name\":\"DEG Eiskunstlauf e. V.\",\"description\":\"\",\"potentialAction\":[{\"@type\":\"SearchAction\",\"target\":{\"@type\":\"EntryPoint\",\"urlTemplate\":\"https:\/\/deg-eiskunstlauf-ev.de\/cms\/?s={search_term_string}\"},\"query-input\":\"required name=search_term_string\"}],\"inLanguage\":\"de\"}]}<\/script>\n<!-- \/ Yoast SEO plugin. -->","yoast_head_json":{"title":"TERMINE und EVENTS - DEG Eiskunstlauf e. V.","robots":{"index":"index","follow":"follow","max-snippet":"max-snippet:-1","max-image-preview":"max-image-preview:large","max-video-preview":"max-video-preview:-1"},"canonical":"https:\/\/deg-eiskunstlauf-ev.de\/cms\/termine-und-events\/","og_locale":"de_DE","og_type":"article","og_title":"TERMINE und EVENTS - DEG Eiskunstlauf e. V.","og_description":"SAISON 2024\/2025ISU Adult Figure Skating Competition Oberstdorf , 29.06. \u2013 04.07.2025 Wir w\u00fcnschen unseren L\u00e4uferInnen viel Erfolg! Kristalcup Ghent (Belgien) , 27.04.2025 Wir w\u00fcnschen unseren L\u00e4uferInnen viel Erfolg! Marietta Marik Pokal Bielefeld, 30.03.2025 Wir gratulieren unseren L\u00e4uferInnen zu ihren Platzierungen: \u00a0 Lily Laudahn - Freil\u00e4ufer A - 10.Platz Ausschreibung\/ MeldelisteYoung Adult &amp; Adult Cup Dortmund, [&hellip;]","og_url":"https:\/\/deg-eiskunstlauf-ev.de\/cms\/termine-und-events\/","og_site_name":"DEG Eiskunstlauf e. V.","article_modified_time":"2025-04-13T23:36:44+00:00","og_image":[{"url":"https:\/\/deg-eiskunstlauf-ev.de\/cms\/wp-content\/uploads\/2023\/03\/Rising-Roses-Bavaria-Cup-2023-Pokal-225x300.jpg"}],"twitter_card":"summary_large_image","schema":{"@context":"https:\/\/schema.org","@graph":[{"@type":"WebPage","@id":"https:\/\/deg-eiskunstlauf-ev.de\/cms\/termine-und-events\/","url":"https:\/\/deg-eiskunstlauf-ev.de\/cms\/termine-und-events\/","name":"TERMINE und EVENTS - DEG Eiskunstlauf e. V.","isPartOf":{"@id":"https:\/\/deg-eiskunstlauf-ev.de\/cms\/#website"},"primaryImageOfPage":{"@id":"https:\/\/deg-eiskunstlauf-ev.de\/cms\/termine-und-events\/#primaryimage"},"image":{"@id":"https:\/\/deg-eiskunstlauf-ev.de\/cms\/termine-und-events\/#primaryimage"},"thumbnailUrl":"https:\/\/deg-eiskunstlauf-ev.de\/cms\/wp-content\/uploads\/2023\/03\/Rising-Roses-Bavaria-Cup-2023-Pokal-225x300.jpg","datePublished":"2022-09-15T07:16:50+00:00","dateModified":"2025-04-13T23:36:44+00:00","breadcrumb":{"@id":"https:\/\/deg-eiskunstlauf-ev.de\/cms\/termine-und-events\/#breadcrumb"},"inLanguage":"de","potentialAction":[{"@type":"ReadAction","target":["https:\/\/deg-eiskunstlauf-ev.de\/cms\/termine-und-events\/"]}]},{"@type":"ImageObject","inLanguage":"de","@id":"https:\/\/deg-eiskunstlauf-ev.de\/cms\/termine-und-events\/#primaryimage","url":"https:\/\/deg-eiskunstlauf-ev.de\/cms\/wp-content\/uploads\/2023\/03\/Rising-Roses-Bavaria-Cup-2023-Pokal.jpg","contentUrl":"https:\/\/deg-eiskunstlauf-ev.de\/cms\/wp-content\/uploads\/2023\/03\/Rising-Roses-Bavaria-Cup-2023-Pokal.jpg","width":1200,"height":1600},{"@type":"BreadcrumbList","@id":"https:\/\/deg-eiskunstlauf-ev.de\/cms\/termine-und-events\/#breadcrumb","itemListElement":[{"@type":"ListItem","position":1,"name":"Startseite","item":"https:\/\/deg-eiskunstlauf-ev.de\/cms\/"},{"@type":"ListItem","position":2,"name":"TERMINE und EVENTS"}]},{"@type":"WebSite","@id":"https:\/\/deg-eiskunstlauf-ev.de\/cms\/#website","url":"https:\/\/deg-eiskunstlauf-ev.de\/cms\/","name":"DEG Eiskunstlauf e. V.","description":"","potentialAction":[{"@type":"SearchAction","target":{"@type":"EntryPoint","urlTemplate":"https:\/\/deg-eiskunstlauf-ev.de\/cms\/?s={search_term_string}"},"query-input":"required name=search_term_string"}],"inLanguage":"de"}]}},"_links":{"self":[{"href":"https:\/\/deg-eiskunstlauf-ev.de\/cms\/wp-json\/wp\/v2\/pages\/2134"}],"collection":[{"href":"https:\/\/deg-eiskunstlauf-ev.de\/cms\/wp-json\/wp\/v2\/pages"}],"about":[{"href":"https:\/\/deg-eiskunstlauf-ev.de\/cms\/wp-json\/wp\/v2\/types\/page"}],"author":[{"embeddable":true,"href":"https:\/\/deg-eiskunstlauf-ev.de\/cms\/wp-json\/wp\/v2\/users\/1"}],"replies":[{"embeddable":true,"href":"https:\/\/deg-eiskunstlauf-ev.de\/cms\/wp-json\/wp\/v2\/comments?post=2134"}],"version-history":[{"count":102,"href":"https:\/\/deg-eiskunstlauf-ev.de\/cms\/wp-json\/wp\/v2\/pages\/2134\/revisions"}],"predecessor-version":[{"id":2677,"href":"https:\/\/deg-eiskunstlauf-ev.de\/cms\/wp-json\/wp\/v2\/pages\/2134\/revisions\/2677"}],"wp:attachment":[{"href":"https:\/\/deg-eiskunstlauf-ev.de\/cms\/wp-json\/wp\/v2\/media?parent=2134"}],"curies":[{"name":"wp","href":"https:\/\/api.w.org\/{rel}","templated":true}]}}